{"id":12222,"date":"2025-09-16T18:30:25","date_gmt":"2025-09-16T15:30:25","guid":{"rendered":"https:\/\/musicmedia.fi\/?post_type=speaker&#038;p=12222"},"modified":"2025-09-22T12:02:01","modified_gmt":"2025-09-22T09:02:01","slug":"ilta","status":"publish","type":"speaker","link":"https:\/\/musicmedia.fi\/fi\/speaker\/ilta\/","title":{"rendered":"Ilta"},"content":{"rendered":"","protected":false},"excerpt":{"rendered":"","protected":false},"featured_media":12223,"menu_order":5,"template":"","meta":{"_acf_changed":false,"inline_featured_image":false},"vuosi":[799],"program-tag":[],"speaker-category":[],"class_list":["post-12222","speaker","type-speaker","status-publish","has-post-thumbnail","hentry","vuosi-799"],"acf":{"email":"iltafux@gmail.com","Phone":"","title_profession":"Artisti","organization":"Sony Music Finland","linkedin_url":"","speaker bio":"Virtuoottinen Ilta hurmasi suomalaiset laulamalla kertos\u00e4keen Cheekin hittikappaleessa Sillat. H\u00e4nen ensimm\u00e4inen singlens\u00e4 Koukkuun julkaistiin kes\u00e4ll\u00e4 2017, ja kappale on striimannut platinaa. Syyskuussa 2020 Ilta julkaisi debyyttialbuminsa N\u00e4it\u00e4 hetki\u00e4 varten. Sit\u00e4 ennen h\u00e4n ehti jo voittaa Vuoden tulokas -palkinnon iskelm\u00e4gaalassa, ja sai albumilla my\u00f6s ensimm\u00e4iset Emma-ehdokkuutensa.\r\n\r\nIlta osallistui vuonna 2021 Uuden Musiikin Kilpailuun kappaleella Kelle m\u00e4 soitan sijoittuen kolmanneksi. Kappale on ker\u00e4nnyt jo yli 10 miljoonaa striimi\u00e4. Iltan toinen albumi M\u00e4 oon vaan ihminen julkaistiin syyskuussa 2023 ja se striimasi ennakkoon kultaa. Kelle m\u00e4 soitan -hitin lis\u00e4ksi albumilta l\u00f6ytyv\u00e4t muun muassa singlet Ei kukaan muu ja Taivas maan p\u00e4\u00e4ll\u00e4. Toisen albumin my\u00f6t\u00e4 Ilta sai Vuoden Iskelm\u00e4 -Emma-ehdokkuuden.\r\n\r\nIltan musiikki uhkuu iloista el\u00e4m\u00e4nasennetta ja samaistuttavia syd\u00e4nsuruja. Vuoden 2019 T\u00e4hdet T\u00e4hdet -kaudella Ilta hurmasi sek\u00e4 tuomarit ett\u00e4 yleis\u00f6n upeilla tulkinnoillaan ja persoonallaan. 2023 syksyll\u00e4 Ilta oli yksi supersuositun El\u00e4m\u00e4ni biisi -ohjelman solisteista ja 2024 h\u00e4n osallistui Vain el\u00e4m\u00e4\u00e4 -ohjelmaan, josta repertuaariin j\u00e4iv\u00e4t hitit Kiire ja T\u00e4ss\u00e4 talossa. Uusin single Valintojen valtakunta julkaistiin kev\u00e4\u00e4ll\u00e4 2025 ja samana kev\u00e4\u00e4n\u00e4 Ilta myi Savoy-teatterin loppuun kahdesti.\r\n\r\nIltan \u00e4\u00e4ni on koukuttava. H\u00e4nelle ominaisinta ovat vahvat powerhouse vocalsit pianon s\u00e4est\u00e4m\u00e4n\u00e4. Ilta keikkailee klubeilla, konserttisaleissa ja festareilla yhdess\u00e4 b\u00e4ndins\u00e4 kanssa, ja h\u00e4nen legendaariset joulukonsertit on myyty loppuun jo useampana vuonna.\r\n","photo":12223,"photo_credits":"","confirmation":true,"label":"","gest_id":""},"yoast_head":"<!-- This site is optimized with the Yoast SEO plugin v25.7 - https:\/\/yoast.com\/wordpress\/plugins\/seo\/ -->\n<title>Ilta - Music x Media<\/title>\n<meta name=\"robots\" content=\"index, follow, max-snippet:-1, max-image-preview:large, max-video-preview:-1\" \/>\n<link rel=\"canonical\" href=\"https:\/\/musicmedia.fi\/fi\/speaker\/ilta\/\" \/>\n<meta property=\"og:locale\" content=\"fi_FI\" \/>\n<meta property=\"og:type\" content=\"article\" \/>\n<meta property=\"og:title\" content=\"Ilta - Music x Media\" \/>\n<meta property=\"og:url\" content=\"https:\/\/musicmedia.fi\/fi\/speaker\/ilta\/\" \/>\n<meta property=\"og:site_name\" content=\"Music x Media\" \/>\n<meta property=\"article:modified_time\" content=\"2025-09-22T09:02:01+00:00\" \/>\n<meta property=\"og:image\" content=\"https:\/\/musicmedia.fi\/wp-content\/uploads\/2025\/09\/1-e1758031066670-1016x1024.png\" \/>\n\t<meta property=\"og:image:width\" content=\"1016\" \/>\n\t<meta property=\"og:image:height\" content=\"1024\" \/>\n\t<meta property=\"og:image:type\" content=\"image\/png\" \/>\n<meta name=\"twitter:card\" content=\"summary_large_image\" \/>\n<meta name=\"twitter:label1\" content=\"Arvioitu lukuaika\" \/>\n\t<meta name=\"twitter:data1\" content=\"1 minuutti\" \/>\n<script type=\"application\/ld+json\" class=\"yoast-schema-graph\">{\"@context\":\"https:\/\/schema.org\",\"@graph\":[{\"@type\":\"WebPage\",\"@id\":\"https:\/\/musicmedia.fi\/speaker\/ilta\/\",\"url\":\"https:\/\/musicmedia.fi\/speaker\/ilta\/\",\"name\":\"Ilta - Music x Media\",\"isPartOf\":{\"@id\":\"https:\/\/musicmedia.fi\/#website\"},\"primaryImageOfPage\":{\"@id\":\"https:\/\/musicmedia.fi\/speaker\/ilta\/#primaryimage\"},\"image\":{\"@id\":\"https:\/\/musicmedia.fi\/speaker\/ilta\/#primaryimage\"},\"thumbnailUrl\":\"https:\/\/musicmedia.fi\/wp-content\/uploads\/2025\/09\/1-e1758031066670.png\",\"datePublished\":\"2025-09-16T15:30:25+00:00\",\"dateModified\":\"2025-09-22T09:02:01+00:00\",\"breadcrumb\":{\"@id\":\"https:\/\/musicmedia.fi\/speaker\/ilta\/#breadcrumb\"},\"inLanguage\":\"fi\",\"potentialAction\":[{\"@type\":\"ReadAction\",\"target\":[\"https:\/\/musicmedia.fi\/speaker\/ilta\/\"]}]},{\"@type\":\"ImageObject\",\"inLanguage\":\"fi\",\"@id\":\"https:\/\/musicmedia.fi\/speaker\/ilta\/#primaryimage\",\"url\":\"https:\/\/musicmedia.fi\/wp-content\/uploads\/2025\/09\/1-e1758031066670.png\",\"contentUrl\":\"https:\/\/musicmedia.fi\/wp-content\/uploads\/2025\/09\/1-e1758031066670.png\",\"width\":1186,\"height\":1195},{\"@type\":\"BreadcrumbList\",\"@id\":\"https:\/\/musicmedia.fi\/speaker\/ilta\/#breadcrumb\",\"itemListElement\":[{\"@type\":\"ListItem\",\"position\":1,\"name\":\"Home\",\"item\":\"https:\/\/musicmedia.fi\/\"},{\"@type\":\"ListItem\",\"position\":2,\"name\":\"Ilta\"}]},{\"@type\":\"WebSite\",\"@id\":\"https:\/\/musicmedia.fi\/#website\",\"url\":\"https:\/\/musicmedia.fi\/\",\"name\":\"Music x Media\",\"description\":\"Musiikki-, viihde- ja tapahtuma-alojen kohtaamispaikka\",\"publisher\":{\"@id\":\"https:\/\/musicmedia.fi\/#organization\"},\"potentialAction\":[{\"@type\":\"SearchAction\",\"target\":{\"@type\":\"EntryPoint\",\"urlTemplate\":\"https:\/\/musicmedia.fi\/?s={search_term_string}\"},\"query-input\":{\"@type\":\"PropertyValueSpecification\",\"valueRequired\":true,\"valueName\":\"search_term_string\"}}],\"inLanguage\":\"fi\"},{\"@type\":\"Organization\",\"@id\":\"https:\/\/musicmedia.fi\/#organization\",\"name\":\"Music x Media\",\"url\":\"https:\/\/musicmedia.fi\/\",\"logo\":{\"@type\":\"ImageObject\",\"inLanguage\":\"fi\",\"@id\":\"https:\/\/musicmedia.fi\/#\/schema\/logo\/image\/\",\"url\":\"https:\/\/musicmedia.fi\/wp-content\/uploads\/2022\/05\/logo.png\",\"contentUrl\":\"https:\/\/musicmedia.fi\/wp-content\/uploads\/2022\/05\/logo.png\",\"width\":276,\"height\":147,\"caption\":\"Music x Media\"},\"image\":{\"@id\":\"https:\/\/musicmedia.fi\/#\/schema\/logo\/image\/\"}}]}<\/script>\n<!-- \/ Yoast SEO plugin. -->","yoast_head_json":{"title":"Ilta - Music x Media","robots":{"index":"index","follow":"follow","max-snippet":"max-snippet:-1","max-image-preview":"max-image-preview:large","max-video-preview":"max-video-preview:-1"},"canonical":"https:\/\/musicmedia.fi\/fi\/speaker\/ilta\/","og_locale":"fi_FI","og_type":"article","og_title":"Ilta - Music x Media","og_url":"https:\/\/musicmedia.fi\/fi\/speaker\/ilta\/","og_site_name":"Music x Media","article_modified_time":"2025-09-22T09:02:01+00:00","og_image":[{"width":1016,"height":1024,"url":"https:\/\/musicmedia.fi\/wp-content\/uploads\/2025\/09\/1-e1758031066670-1016x1024.png","type":"image\/png"}],"twitter_card":"summary_large_image","twitter_misc":{"Arvioitu lukuaika":"1 minuutti"},"schema":{"@context":"https:\/\/schema.org","@graph":[{"@type":"WebPage","@id":"https:\/\/musicmedia.fi\/speaker\/ilta\/","url":"https:\/\/musicmedia.fi\/speaker\/ilta\/","name":"Ilta - Music x Media","isPartOf":{"@id":"https:\/\/musicmedia.fi\/#website"},"primaryImageOfPage":{"@id":"https:\/\/musicmedia.fi\/speaker\/ilta\/#primaryimage"},"image":{"@id":"https:\/\/musicmedia.fi\/speaker\/ilta\/#primaryimage"},"thumbnailUrl":"https:\/\/musicmedia.fi\/wp-content\/uploads\/2025\/09\/1-e1758031066670.png","datePublished":"2025-09-16T15:30:25+00:00","dateModified":"2025-09-22T09:02:01+00:00","breadcrumb":{"@id":"https:\/\/musicmedia.fi\/speaker\/ilta\/#breadcrumb"},"inLanguage":"fi","potentialAction":[{"@type":"ReadAction","target":["https:\/\/musicmedia.fi\/speaker\/ilta\/"]}]},{"@type":"ImageObject","inLanguage":"fi","@id":"https:\/\/musicmedia.fi\/speaker\/ilta\/#primaryimage","url":"https:\/\/musicmedia.fi\/wp-content\/uploads\/2025\/09\/1-e1758031066670.png","contentUrl":"https:\/\/musicmedia.fi\/wp-content\/uploads\/2025\/09\/1-e1758031066670.png","width":1186,"height":1195},{"@type":"BreadcrumbList","@id":"https:\/\/musicmedia.fi\/speaker\/ilta\/#breadcrumb","itemListElement":[{"@type":"ListItem","position":1,"name":"Home","item":"https:\/\/musicmedia.fi\/"},{"@type":"ListItem","position":2,"name":"Ilta"}]},{"@type":"WebSite","@id":"https:\/\/musicmedia.fi\/#website","url":"https:\/\/musicmedia.fi\/","name":"Music x Media","description":"Musiikki-, viihde- ja tapahtuma-alojen kohtaamispaikka","publisher":{"@id":"https:\/\/musicmedia.fi\/#organization"},"potentialAction":[{"@type":"SearchAction","target":{"@type":"EntryPoint","urlTemplate":"https:\/\/musicmedia.fi\/?s={search_term_string}"},"query-input":{"@type":"PropertyValueSpecification","valueRequired":true,"valueName":"search_term_string"}}],"inLanguage":"fi"},{"@type":"Organization","@id":"https:\/\/musicmedia.fi\/#organization","name":"Music x Media","url":"https:\/\/musicmedia.fi\/","logo":{"@type":"ImageObject","inLanguage":"fi","@id":"https:\/\/musicmedia.fi\/#\/schema\/logo\/image\/","url":"https:\/\/musicmedia.fi\/wp-content\/uploads\/2022\/05\/logo.png","contentUrl":"https:\/\/musicmedia.fi\/wp-content\/uploads\/2022\/05\/logo.png","width":276,"height":147,"caption":"Music x Media"},"image":{"@id":"https:\/\/musicmedia.fi\/#\/schema\/logo\/image\/"}}]}},"_links":{"self":[{"href":"https:\/\/musicmedia.fi\/fi\/wp-json\/wp\/v2\/speakers\/12222","targetHints":{"allow":["GET"]}}],"collection":[{"href":"https:\/\/musicmedia.fi\/fi\/wp-json\/wp\/v2\/speakers"}],"about":[{"href":"https:\/\/musicmedia.fi\/fi\/wp-json\/wp\/v2\/types\/speaker"}],"wp:featuredmedia":[{"embeddable":true,"href":"https:\/\/musicmedia.fi\/fi\/wp-json\/wp\/v2\/media\/12223"}],"wp:attachment":[{"href":"https:\/\/musicmedia.fi\/fi\/wp-json\/wp\/v2\/media?parent=12222"}],"wp:term":[{"taxonomy":"vuosi","embeddable":true,"href":"https:\/\/musicmedia.fi\/fi\/wp-json\/wp\/v2\/vuosi?post=12222"},{"taxonomy":"program_tag","embeddable":true,"href":"https:\/\/musicmedia.fi\/fi\/wp-json\/wp\/v2\/program-tag?post=12222"},{"taxonomy":"speaker-category","embeddable":true,"href":"https:\/\/musicmedia.fi\/fi\/wp-json\/wp\/v2\/speaker-category?post=12222"}],"curies":[{"name":"wp","href":"https:\/\/api.w.org\/{rel}","templated":true}]}}