{"id":11740,"date":"2025-08-22T18:11:17","date_gmt":"2025-08-22T15:11:17","guid":{"rendered":"https:\/\/musicmedia.fi\/?page_id=11740"},"modified":"2025-11-04T17:03:20","modified_gmt":"2025-11-04T15:03:20","slug":"industry-awards-voittajat","status":"publish","type":"page","link":"https:\/\/musicmedia.fi\/fi\/industry-awards-voittajat\/","title":{"rendered":"Industry Awards -voittajat"},"content":{"rendered":"\t\t<div data-elementor-type=\"wp-page\" data-elementor-id=\"11740\" class=\"elementor elementor-11740\">\n\t\t\t\t<div class=\"elementor-element elementor-element-a05c3d6 e-flex e-con-boxed e-con e-parent\" data-id=\"a05c3d6\" data-element_type=\"container\">\n\t\t\t\t\t<div class=\"e-con-inner\">\n\t\t\t\t<div class=\"elementor-element elementor-element-a10712b elementor-widget elementor-widget-heading\" data-id=\"a10712b\" data-element_type=\"widget\" data-widget_type=\"heading.default\">\n\t\t\t\t<div class=\"elementor-widget-container\">\n\t\t\t\t\t<h1 class=\"elementor-heading-title elementor-size-default\">Industry Awards Gaala voittajat<\/h1>\t\t\t\t<\/div>\n\t\t\t\t<\/div>\n\t\t\t\t\t<\/div>\n\t\t\t\t<\/div>\n\t\t<div class=\"elementor-element elementor-element-6935015 e-flex e-con-boxed e-con e-parent\" data-id=\"6935015\" data-element_type=\"container\">\n\t\t\t\t\t<div class=\"e-con-inner\">\n\t\t\t\t<div class=\"elementor-element elementor-element-196f3ce elementor-widget elementor-widget-text-editor\" data-id=\"196f3ce\" data-element_type=\"widget\" data-widget_type=\"text-editor.default\">\n\t\t\t\t<div class=\"elementor-widget-container\">\n\t\t\t\t\t\t\t\t\t<p><span style=\"font-weight: 400;\">Vuosittain j\u00e4rjestett\u00e4v\u00e4 Suomen merkitt\u00e4vin musiikkialan ammattilaisten Industry Awards -gaala kruunaa Music x Median. Palkintogaalassa juhlitaan kuluneen vuoden onnistumisia. Gaalassa on palkittu ty\u00f6ss\u00e4\u00e4n ansioituneita musiikkialan ammattilaisia jo vuodesta 1995.<\/span><\/p><p>T\u00e4lt\u00e4 sivulta l\u00f6yd\u00e4t edellisvuosien Industry Awards -palkintojen voittajat.<\/p>\t\t\t\t\t\t\t\t<\/div>\n\t\t\t\t<\/div>\n\t\t\t\t<div class=\"elementor-element elementor-element-36dedb0 elementor-widget-divider--view-line elementor-widget elementor-widget-divider\" data-id=\"36dedb0\" data-element_type=\"widget\" data-widget_type=\"divider.default\">\n\t\t\t\t<div class=\"elementor-widget-container\">\n\t\t\t\t\t\t\t<div class=\"elementor-divider\">\n\t\t\t<span class=\"elementor-divider-separator\">\n\t\t\t\t\t\t<\/span>\n\t\t<\/div>\n\t\t\t\t\t\t<\/div>\n\t\t\t\t<\/div>\n\t\t\t\t\t<\/div>\n\t\t\t\t<\/div>\n\t\t<div class=\"elementor-element elementor-element-826c4e9 e-flex e-con-boxed e-con e-parent\" data-id=\"826c4e9\" data-element_type=\"container\">\n\t\t\t\t\t<div class=\"e-con-inner\">\n\t\t\t\t<div class=\"elementor-element elementor-element-19a65ac elementor-widget elementor-widget-text-editor\" data-id=\"19a65ac\" data-element_type=\"widget\" data-widget_type=\"text-editor.default\">\n\t\t\t\t<div class=\"elementor-widget-container\">\n\t\t\t\t\t\t\t\t\t<h2>Vuoden 2025 voittajat<\/h2><p><strong>Vuoden radioammattilainen\u00a0<br \/><\/strong>Riikka &#8221;Ritu&#8221; Karjalainen, SuomiR\u00e4p ja Basso<\/p><p><strong>Vuoden musiikkimedia\u00a0<\/strong><br \/>Uusi Juttu<\/p><p><strong>Vuoden tukipilari<br \/><\/strong>Jaana Karila, Musiikkituottajat \u2013 IFPI Finland ry<\/p><p><strong>Vuoden tulevaisuuden suunnann\u00e4ytt\u00e4j\u00e4<\/strong><br \/>Tiina Forsby, Portion Boys<\/p><p><strong>Vuoden agentuuri\u00a0<\/strong><br \/>Team Agency\u00a0<\/p><p><strong>Vuoden promoottori tai taiteellinen johtaja<\/strong><br \/>Kalle Kallonen, Blockfest<\/p><p><strong>Vuoden mediavaikuttaja\u00a0<\/strong><br \/>Lotta Savolainen, Radio Helsinki, Soundi ja Lost In Music<\/p><p><strong>Vuoden j\u00e4rjest\u00f6\u00a0<\/strong><br \/>Tapahtumateollisuus ry<\/p><p><strong>Vuoden musiikkijournalistinen teko<\/strong><br \/>Levyraati<\/p><p><strong>Vuoden major-levy-yhti\u00f6\u00a0<\/strong><br \/>Universal Music Finland\u00a0<\/p><p><strong>Vuoden indie-levy-yhti\u00f6\u00a0<\/strong><br \/>Kaiku Entertainment<\/p><p><strong>Vuoden musiikkikustantaja\u00a0<\/strong><br \/>Elements Music\u00a0<\/p><p><strong>Vuoden tapahtuma\u00a0<\/strong><br \/>Muse Kulttuuritalolla<\/p><p><strong>Vuoden artistitiimi\u00a0<\/strong><br \/>KUUMAA-tiimi\u00a0\u00a0<\/p><p><strong>Vuoden viestint\u00e4- ja markkinointihenkil\u00f6<\/strong><br \/>Mikko Meril\u00e4inen, L\u00f6rdag ja Playground Music<\/p><p><strong>Vuoden palveluntarjoaja\u00a0<\/strong><br \/>CoreGo Oy<\/p><p><strong>Vuoden johtaja<\/strong><br \/>Mari Hatakka, Tavastia<\/p><p><strong>Vuoden festivaali<\/strong><br \/>Kaustinen Folk Music Festival<\/p><p><strong>Vuoden tapahtumantekij\u00e4\u00a0<\/strong><br \/>Annakaisa Anttila, Sunborn Live<\/p><p><strong>Vuoden tapahtumapaikka, pieni\u00a0<\/strong><br \/>Tavara-asema<\/p><p><strong>Vuoden tapahtumapaikka, suuri\u00a0<\/strong><br \/>Helsingin Kulttuuritalo<\/p><p><strong>Vuoden brand &amp; parterships -toteutus<\/strong><br \/>KUUMAA &amp; PMMP -yhteissingle Haloo x Mieli ry<\/p><p><strong>Vuoden mediailmi\u00f6\u00a0<\/strong><br \/>Ultra Bra -stadionkeikkojen julkistus<\/p><p><strong>Vuoden A&amp;R-henkil\u00f6\u00a0<\/strong><br \/>Heikki Puhakainen, Kaiku Entertainment\u00a0<\/p><p><strong>Vuoden manageri\u00a0<\/strong><br \/>Tina Jukarainen, Manage Me<\/p><p><strong>El\u00e4m\u00e4nty\u00f6<\/strong>\u00a0<br \/>Ahti V\u00e4nttinen<br \/>Kaija K\u00e4rkinen<br \/>Lauri Kaira<br \/>Mikko Harjunp\u00e4\u00e4<\/p><p>\u00a0<\/p><h2>Lis\u00e4ksi Industry Awards -gaalassa jaettiin seuraavia mainintoja:<\/h2><p><strong>Tampere Music Award<\/strong><br \/>Lars Karlsson<\/p><p><strong>LUO(V)UUS<\/strong><br \/>ODDfest<\/p><p><strong>Erikoispalkinto<\/strong><br \/>Tue Palestiinaa -QR-koodikampanja, Antti Heiskala<\/p><p><strong>Valtakunnallinen musiikinvientipalkinto<\/strong><br \/>Backbone Management<\/p><p><strong>T\u00e4htikatu\u00a0<br \/><\/strong>Tampereella sijaitsevan Suomen ensimm\u00e4isen kansainv\u00e4lisen musiikin T\u00e4htikadulle uudet t\u00e4htilaatat 19.9.2025 saivat Heikki Silvennoinen, Dallap\u00e9, Lea Laven ja Dalia Stasevska.<\/p>\t\t\t\t\t\t\t\t<\/div>\n\t\t\t\t<\/div>\n\t\t\t\t\t<\/div>\n\t\t\t\t<\/div>\n\t\t<div class=\"elementor-element elementor-element-5a67f34 e-flex e-con-boxed e-con e-parent\" data-id=\"5a67f34\" data-element_type=\"container\">\n\t\t\t\t\t<div class=\"e-con-inner\">\n\t\t\t\t<div class=\"elementor-element elementor-element-065d10c elementor-widget-divider--view-line elementor-widget elementor-widget-divider\" data-id=\"065d10c\" data-element_type=\"widget\" data-widget_type=\"divider.default\">\n\t\t\t\t<div class=\"elementor-widget-container\">\n\t\t\t\t\t\t\t<div class=\"elementor-divider\">\n\t\t\t<span class=\"elementor-divider-separator\">\n\t\t\t\t\t\t<\/span>\n\t\t<\/div>\n\t\t\t\t\t\t<\/div>\n\t\t\t\t<\/div>\n\t\t\t\t\t<\/div>\n\t\t\t\t<\/div>\n\t\t<div class=\"elementor-element elementor-element-046356a e-flex e-con-boxed e-con e-parent\" data-id=\"046356a\" data-element_type=\"container\">\n\t\t\t\t\t<div class=\"e-con-inner\">\n\t\t\t\t<div class=\"elementor-element elementor-element-2b38fb1 elementor-widget elementor-widget-text-editor\" data-id=\"2b38fb1\" data-element_type=\"widget\" data-widget_type=\"text-editor.default\">\n\t\t\t\t<div class=\"elementor-widget-container\">\n\t\t\t\t\t\t\t\t\t<h2>Vuoden 2024 voittajat<\/h2><p><strong>Vuoden radioammattilainen\u00a0<br \/><\/strong>Ella Ossi, YleX\u00a0<\/p><p><strong>Vuoden media\u00a0<\/strong><br \/>YleX\u00a0<\/p><p><strong>Vuoden tukipilari<br \/><\/strong>Iina Maula, Fullsteam Agency<\/p><p><strong>Vuoden tulevaisuuden suunnann\u00e4ytt\u00e4j\u00e4<\/strong><br \/>Peppi Arrimo, Provinssi<\/p><p><strong>Vuoden agentuuri\u00a0<\/strong><br \/>Fullsteam Agency\u00a0<\/p><p><strong>Vuoden promoottori tai taiteellinen johtaja<\/strong><br \/>Aino-Maria Paasivirta, Fullsteam Agency<\/p><p><strong>Vuoden mediavaikuttaja\u00a0<\/strong><br \/>Mikko Meril\u00e4inen, Soundi<\/p><p><strong>Vuoden j\u00e4rjest\u00f6vaikuttaja\u00a0<\/strong><br \/>Jenna Lahtinen, LiveFIN<\/p><p><strong>Vuoden major-levy-yhti\u00f6\u00a0<\/strong><br \/>Universal Music Finland\u00a0<\/p><p><strong>Vuoden indie-levy-yhti\u00f6\u00a0<\/strong><br \/>PME Records<\/p><p><strong>Vuoden musiikkikustantaja\u00a0<\/strong><br \/>Elements Music\u00a0<\/p><p><strong>Vuoden tapahtuma\u00a0<\/strong><br \/>Coldplay Music of The Spheres World Tour Helsinki\u00a0<\/p><p><strong>Vuoden tapahtumatiimi\u00a0<\/strong><br \/>Live Nation Finland -tuotantotiimi\u00a0\u00a0<\/p><p><strong>Vuoden viestint\u00e4- ja markkinointihenkil\u00f6<\/strong><br \/>Meri Timgren, Universal Music Finland, Johanna Kustannus<\/p><p><strong>Vuoden palveluntarjoaja\u00a0<\/strong><br \/>Pertin Valinta<\/p><p><strong>Vuoden pomo\u00a0<\/strong><br \/>Mirva Merimaa, Tiketti Oy<\/p><p><strong>Vuoden festivaali<\/strong><br \/>Provinssi<\/p><p><strong>Vuoden tapahtumantekij\u00e4\u00a0<\/strong><br \/>Tanja Halonen<br \/>Ilosaarirock, Pekka Haaviston presidentinvaalikampanja<\/p><p><strong>Vuoden tapahtumapaikka, pieni\u00a0<\/strong><br \/>Tavastia\u00a0<\/p><p><strong>Vuoden tapahtumapaikka, suuri\u00a0<\/strong><br \/>Olympiastadion<\/p><p><strong>Vuoden br\u00e4ndituotanto tai yhteisty\u00f6<\/strong><br \/>Mieli ry, Huolituoli<\/p><p><strong>Vuoden mediailmi\u00f6\u00a0<\/strong><br \/>#Coldsinki\u00a0<\/p><p><strong>Vuoden A&amp;R-henkil\u00f6\u00a0<\/strong><br \/>Kristiina Wheeler, Universal Music Finland\u00a0<\/p><p><strong>Vuoden manageri\u00a0<\/strong><br \/>Virpi Immonen, Fullsteam Management<\/p><p><strong>El\u00e4m\u00e4nty\u00f6<\/strong>\u00a0<br \/>Ari Palhamo<br \/>Maija Kuusi<\/p><p>\u00a0<\/p><h2>Lis\u00e4ksi Industry Awards -gaalassa jaettiin seuraavia mainintoja:<\/h2><p><strong>Tampere Music Award<\/strong><br \/>Thomas Johansson<\/p><p><strong>LUO(V)UUS<\/strong><br \/>Pispala clothing<\/p><p><strong>T\u00e4htikatu\u00a0<br \/><\/strong>Tampereella sijaitsevan Suomen ensimm\u00e4isen kansainv\u00e4lisen musiikin T\u00e4htikadun uusiin t\u00e4htilaattoihin on ikuistettu 27.9.2024 Kaj Chydeniuksen, Pave Maijasen, PMMP:n, Aino Ackt\u00e9n, Toivo K\u00e4rjen, Jaakko Ryh\u00e4sen, Juhani Merimaan ja Virve Rostin nimet.<\/p>\t\t\t\t\t\t\t\t<\/div>\n\t\t\t\t<\/div>\n\t\t\t\t\t<\/div>\n\t\t\t\t<\/div>\n\t\t<div class=\"elementor-element elementor-element-31d45e9 e-flex e-con-boxed e-con e-parent\" data-id=\"31d45e9\" data-element_type=\"container\">\n\t\t\t\t\t<div class=\"e-con-inner\">\n\t\t\t\t<div class=\"elementor-element elementor-element-30640dd elementor-widget-divider--view-line elementor-widget elementor-widget-divider\" data-id=\"30640dd\" data-element_type=\"widget\" data-widget_type=\"divider.default\">\n\t\t\t\t<div class=\"elementor-widget-container\">\n\t\t\t\t\t\t\t<div class=\"elementor-divider\">\n\t\t\t<span class=\"elementor-divider-separator\">\n\t\t\t\t\t\t<\/span>\n\t\t<\/div>\n\t\t\t\t\t\t<\/div>\n\t\t\t\t<\/div>\n\t\t\t\t<div class=\"elementor-element elementor-element-4d25df8 elementor-widget elementor-widget-text-editor\" data-id=\"4d25df8\" data-element_type=\"widget\" data-widget_type=\"text-editor.default\">\n\t\t\t\t<div class=\"elementor-widget-container\">\n\t\t\t\t\t\t\t\t\t<h2>Industry Awards -voittajat 2023<\/h2><div><p><strong>Vuoden radioammattilainen<\/strong><br \/>Tapio Hakanen, Yle<\/p><p><strong>Vuoden media<\/strong><br \/>Yle<\/p><p><strong>Vuoden tukipilari<\/strong><br \/>Maria Silvasto, Helsingin Rock and Roll Oy<\/p><p><strong>Vuoden tulevaisuuden suunnann\u00e4ytt\u00e4j\u00e4<\/strong><br \/>Konsta Viipuri, Fullsteam Agency<\/p><p><strong>Vuoden agentuuri<\/strong><br \/>All Day Agency<\/p><p><strong>Vuoden promoottori tai taiteellinen johtaja<\/strong><br \/>Panu Hattunen, Joensuun Popmuusikot Ry<\/p><p><strong>Vuoden mediavaikuttaja\u00a0<\/strong><br \/>Juuso M\u00e4\u00e4tt\u00e4nen, Helsingin Sanomat<\/p><p><strong>Vuoden j\u00e4rjest\u00f6vaikuttaja<\/strong><br \/>Vappu Aura, Teosto<\/p><p><strong>Vuoden major-levy-yhti\u00f6<\/strong><br \/>Sony Music Finland<\/p><p><strong>Vuoden indie-levy-yhti\u00f6<\/strong><br \/>PME Records<\/p><p><strong>Vuoden musiikkikustantaja<\/strong><br \/>Elements Music<\/p><p><strong>Vuoden tapahtuma<\/strong><br \/>Oopperan ja Baletin areenakiertue<\/p><p><strong>Vuoden tapahtumatiimi\u00a0<\/strong><br \/>Uuden Musiikin Kilpailu<\/p><p><strong>Vuoden viestint\u00e4- ja markkinointihenkil\u00f6<\/strong><br \/>Saara Everi, PME Records<\/p><p><strong>Vuoden palveluntarjoaja<\/strong><br \/>Helsingin Rock and Roll Oy<\/p><p><strong>Vuoden pomo<\/strong><br \/>Jussi Roine, All Day Agency<\/p><p><strong>Vuoden festivaali<\/strong><br \/>Qstock<\/p><p><strong>Vuoden tapahtumantekij\u00e4<\/strong><br \/>Gabriela Campos, Ruisrock \/ Emma Gaala<\/p><p><strong>Vuoden tapahtumapaikka<\/strong><br \/>Tavara-asema<\/p><p><strong>Vuoden br\u00e4ndituotanto tai yhteisty\u00f6<\/strong><br \/>Etta x R-kioski, \u00c4mm\u00e4-aamiainen<\/p><p><strong>Vuoden mediailmi\u00f6\u00a0<\/strong><br \/>K\u00e4\u00e4rij\u00e4<\/p><p><strong>Vuoden A&amp;R-henkil\u00f6\u00a0<\/strong><br \/>Jannika Nyqvist, Sony Music Finland<\/p><p><strong>Vuoden manageri<\/strong><br \/>Lilli Keh, All Day Management<\/p><p><strong>El\u00e4m\u00e4nty\u00f6<\/strong><br \/>Klaus Flaming<br \/>Asko Kallonen<br \/>Juhani Kansi\u00a0<br \/>Tuija Kyt\u00f6<br \/>Immo Kyt\u00f6l\u00e4<br \/>Pekka Ruuska<\/p><\/div><div><h2 lang=\"x-size-15\">\u00a0<\/h2><h2 lang=\"x-size-15\">Lis\u00e4ksi Industry Awards -gaalassa jaettiin seuraavia mainintoja<\/h2><\/div><div><p><strong>Tampere Music Award<br \/><\/strong>Paul Spraggon<\/p><p><strong>LUO(V)UUS<br \/><\/strong>Lxandra<\/p><\/div><div><p aria-hidden=\"true\"><strong>Yle palkitsee: vuoden musiikkiteko<br \/><\/strong>\u0160uok\u014babiedju-muskarisarja uhanalaisilla saamenkielill\u00e4, tekij\u00e4t Essi Morottaja, Anna Lumikivi, Ulpu Mattus ja Jessika Lampi<\/p><\/div><div><div><p><strong>T\u00e4htikatu<\/strong><br \/>T\u00e4htikadun uusiin t\u00e4htilaattoihin on ikuistettu 29.9.2023 Vesa-Matti Loirin, HIMin, Kikan, Antti Tuiskun, Santtu-Matias Rouvalin, Maija Vilkkumaan ja Anna-Mari K\u00e4h\u00e4r\u00e4n nimet.<\/p><p>Joka toinen vuosi T\u00e4htikatuun lis\u00e4t\u00e4\u00e4n my\u00f6s kahdelle Tampere Music Award -voittajalle yksi yhteinen t\u00e4hti.\u00a0T\u00e4m\u00e4n vuoden voittajan\u00a0Paul Spraggonin\u00a0kanssa samaan t\u00e4hteen on ikuistettu vuoden 2022 voittajan\u00a0Pete Townshendin nimi.\u00a0<\/p><\/div><\/div>\t\t\t\t\t\t\t\t<\/div>\n\t\t\t\t<\/div>\n\t\t\t\t\t<\/div>\n\t\t\t\t<\/div>\n\t\t<div class=\"elementor-element elementor-element-091169a e-flex e-con-boxed e-con e-parent\" data-id=\"091169a\" data-element_type=\"container\">\n\t\t\t\t\t<div class=\"e-con-inner\">\n\t\t\t\t<div class=\"elementor-element elementor-element-19e7d31 elementor-widget-divider--view-line elementor-widget elementor-widget-divider\" data-id=\"19e7d31\" data-element_type=\"widget\" data-widget_type=\"divider.default\">\n\t\t\t\t<div class=\"elementor-widget-container\">\n\t\t\t\t\t\t\t<div class=\"elementor-divider\">\n\t\t\t<span class=\"elementor-divider-separator\">\n\t\t\t\t\t\t<\/span>\n\t\t<\/div>\n\t\t\t\t\t\t<\/div>\n\t\t\t\t<\/div>\n\t\t\t\t<div class=\"elementor-element elementor-element-d7e59ef elementor-widget elementor-widget-text-editor\" data-id=\"d7e59ef\" data-element_type=\"widget\" data-widget_type=\"text-editor.default\">\n\t\t\t\t<div class=\"elementor-widget-container\">\n\t\t\t\t\t\t\t\t\t<h2>Industry Awards -voittajat 2022<\/h2><p><strong>Vuoden toimittaja<\/strong><br \/>Katri Norrlin, YleX<\/p><p><strong>Vuoden musiikki- tai ohjelmap\u00e4\u00e4llikk\u00f6<\/strong><br \/>Henri Pulkkinen, Radio Helsinki<\/p><p><strong>Vuoden kotimainen musiikkimedia<\/strong><br \/>YleX<\/p><p><strong>Vuoden viestint\u00e4- tai markkinointihenkil\u00f6 (jaettu voitto)<\/strong><br \/>Mikko M\u00e4\u00e4tt\u00e4nen, Live Nation Finland<br \/>&amp;<br \/>Veera Hjerppe, Universal Music Finland<\/p><p><strong>Erikoispalkinto<\/strong><br \/>Petra Tarjanne, ty\u00f6- ja elinkeinoministeri\u00f6<\/p><p><strong>Vuoden tukipilari<\/strong><br \/>Isadora Kamotskin, Warner Music Finlandin markkinointip\u00e4\u00e4llikk\u00f6<\/p><p><strong>Tulevaisuuden suunnann\u00e4ytt\u00e4j\u00e4<\/strong><br \/>Emma-Lotta Juutilainen, Fullsteam Agencyn tuotantop\u00e4\u00e4llikk\u00f6<\/p><p><strong>Vuoden j\u00e4rjest\u00f6vaikuttaja<\/strong><br \/>Maria Sahlstedt, Tapahtumateollisuus ry<\/p><p><strong>Vuoden tuotantopalvelu<\/strong><br \/>Sun Effects<\/p><p><strong>Vuoden kuluttajapalvelu<\/strong><br \/>Yle Areena<\/p><p><strong>Vuoden teko<\/strong><br \/>Teknikoille t\u00f6it\u00e4 -Facebook-ryhm\u00e4<\/p><p><strong>Vuoden lippukauppa<\/strong><br \/>Tiketti<\/p><p><strong>Vuoden Brand &amp; Partnership -toteutus<\/strong><br \/>Haloo Helsinki! ja MIELI Suomen mielenterveys ry: Mielinauha-kampanja<\/p><p><strong>Vuoden manageri<\/strong><br \/>Virpi Immonen, Fullsteam Management<\/p><p><strong>Vuoden manageriyhti\u00f6<\/strong><br \/>PME Management<\/p><p><strong>Vuoden tapahtumatuottaja<\/strong><br \/>Maiju Talvisto, Flow Festival<\/p><p><strong>Vuoden ohjelmamyyj\u00e4 tai agentti<\/strong><br \/>Feniks Willamo, All Day Agency<\/p><p><strong>Vuoden promoottori tai taiteellinen johtaja<\/strong><br \/>Mikko Niemel\u00e4, Ruisrock<\/p><p><strong>Vuoden agentuuri<\/strong><br \/>All Day Agency<\/p><p><strong>Vuoden klubi<\/strong><br \/>Tavastia<\/p><p><strong>Vuoden konserttisali<\/strong><br \/>Logomo<\/p><p><strong>Vuoden areena<\/strong><br \/>Olympiastadion<\/p><p><strong>Luo(v)uus -palkinto<\/strong><br \/>Troll VFX<\/p><p><strong>Vuoden festivaali<\/strong><br \/>Flow Festival<\/p><p><strong>Vuoden tapahtuma<\/strong><br \/>Yona &amp; Tapiola Sinfonietta Musiikkitalossa<\/p><p><strong>Tampere Music Award<\/strong><br \/>Pete Townshend<\/p><p><strong>Vuoden A&amp;R -henkil\u00f6<\/strong><br \/>Ida Karimaa, Monsp Records<\/p><p><strong>Vuoden musiikkikustantaja<\/strong><br \/>Elements Music<\/p><p><strong>Vuoden indie levy-yhti\u00f6<\/strong><br \/>We Jazz Records<\/p><p><strong>Vuoden major levy-yhti\u00f6<\/strong><br \/>Warner Music Finland<\/p><p><strong>El\u00e4m\u00e4nty\u00f6palkinto<\/strong><br \/>M\u00e5ns Str\u00f6mberg a.k.a Dj Bunuel<\/p>\t\t\t\t\t\t\t\t<\/div>\n\t\t\t\t<\/div>\n\t\t\t\t\t<\/div>\n\t\t\t\t<\/div>\n\t\t<div class=\"elementor-element elementor-element-0a5d81b e-flex e-con-boxed e-con e-parent\" data-id=\"0a5d81b\" data-element_type=\"container\">\n\t\t\t\t\t<div class=\"e-con-inner\">\n\t\t\t\t<div class=\"elementor-element elementor-element-00328cf elementor-widget-divider--view-line elementor-widget elementor-widget-divider\" data-id=\"00328cf\" data-element_type=\"widget\" data-widget_type=\"divider.default\">\n\t\t\t\t<div class=\"elementor-widget-container\">\n\t\t\t\t\t\t\t<div class=\"elementor-divider\">\n\t\t\t<span class=\"elementor-divider-separator\">\n\t\t\t\t\t\t<\/span>\n\t\t<\/div>\n\t\t\t\t\t\t<\/div>\n\t\t\t\t<\/div>\n\t\t\t\t<div class=\"elementor-element elementor-element-b8067f2 elementor-widget elementor-widget-text-editor\" data-id=\"b8067f2\" data-element_type=\"widget\" data-widget_type=\"text-editor.default\">\n\t\t\t\t<div class=\"elementor-widget-container\">\n\t\t\t\t\t\t\t\t\t<h1>Industry Awards -voittajat 2021<\/h1><div><div><p><strong>Vuoden toimittaja<br \/><\/strong>Maria Veitola \/ Musa vai bisnes<\/p><p><strong>Vuoden ohjelma- tai musiikkip\u00e4\u00e4llikk\u00f6<br \/><\/strong>Tapio Hakanen \/ YleX<\/p><p><strong>Vuoden radio<br \/><\/strong>Radio Helsinki<\/p><p><strong>Vuoden kotimainen musiikkimedia<br \/><\/strong>YleX<\/p><p><strong>Vuoden PR- tai markkinointihenkil\u00f6: levy-yhti\u00f6<br \/><\/strong>Stella Kyl\u00e4-Liuhala \/ Universal Music<\/p><p><strong>Vuoden viestint\u00e4- tai markkinointihenkil\u00f6: live<br \/><\/strong>Annakaisa Anttila \/ Kes\u00e4rauha<\/p><p><strong>Vuoden tukipilari<br \/><\/strong>Susse Salonen \/ Freelancer<\/p><p><strong>Tulevaisuuden suunnann\u00e4ytt\u00e4j\u00e4<br \/><\/strong>Sanni Kahilainen \/ Muusikkojen liitto<\/p><p><strong>Vuoden j\u00e4rjest\u00f6<br \/><\/strong>Tapahtumateollisuus<\/p><p><strong>Vuoden j\u00e4rjest\u00f6vaikuttaja<br \/><\/strong>Jenna Lahtinen \/ LiveFIN<\/p><p><strong>Vuoden tuotantopalvelu<br \/><\/strong>Akun Tehdas<\/p><p><strong>Vuoden kuluttajapalvelu<br \/><\/strong>Yle Areena<\/p><p><strong>Vuoden lippukauppa<br \/><\/strong>Tiketti<\/p><p><strong>Vuoden Brand &amp; Partnership -toteutus<br \/><\/strong>Vallila x Tavastia: Backstage<\/p><p><strong>Vuoden manageri<br \/><\/strong>Heta Hyttinen \/ Ginger Vine Management<\/p><p><strong>Vuoden manageriyhti\u00f6<br \/><\/strong>Till Dawn They Count Ltd Oy<\/p><p><strong>Vuoden tapahtumatuottaja<br \/><\/strong>Sandy Kantola \/ Qstock<\/p><p><strong>Vuoden ohjelmamyyj\u00e4 tai agentti<br \/><\/strong>Annika Oksanen \/ Live Nation Finland<\/p><\/div><div><p><strong>Vuoden promoottori tai taiteellinen johtaja<br \/><\/strong>Pietu Sepponen \/ Kes\u00e4rauha, Lost In Music<\/p><p><strong>Vuoden agentuuri<br \/><\/strong>Fullsteam Agency<\/p><p><strong>Vuoden venue: klubi<br \/><\/strong>G Livelab Tampere<\/p><p><strong>Vuoden venue: konserttisali<br \/><\/strong>Tampere-talo<\/p><p><strong>Vuoden venue: areena<br \/><\/strong>Allas Sea Pool<\/p><p><strong>Vuoden klassisen musiikin festivaali<br \/><\/strong>Meid\u00e4n Festivaali<\/p><p><strong>Vuoden festivaali<br \/><\/strong>Kes\u00e4rauha<\/p><p><strong>Vuoden tapahtuma<br \/><\/strong>An Evening with Nightwish in a Virtual World \/ Fullsteam Agency, Till Dawn They Count Ltd, Zoan<\/p><p><strong>Vuoden A&amp;R-henkil\u00f6<br \/><\/strong>Minna Koivisto \/ Universal Music Finland, Johanna Kustannus<\/p><p><strong>Vuoden musiikkikustantaja<br \/><\/strong>Kaiku Songs<\/p><p><strong>Vuoden levy-yhti\u00f6: indie<br \/><\/strong>PME Records<\/p><p><strong>Vuoden levy-yhti\u00f6: major<br \/><\/strong>Universal Music Finland<\/p><p><strong>T\u00e4htikadun t\u00e4hdet 2021<br \/><\/strong>Mikko Alatalo, Y\u00f6, V\u00e4rttin\u00e4, Kaija Koo, Esa-Pekka Salonen<\/p><p><strong>Erikoispalkinto<br \/><\/strong>Mitta on t\u00e4ysi! -kampanja<\/p><p><strong>Tampere Music Award<br \/><\/strong>Ben Mandelson<\/p><p><strong>El\u00e4m\u00e4nty\u00f6palkinto<br \/><\/strong>Hannu Saha<\/p><\/div><\/div>\t\t\t\t\t\t\t\t<\/div>\n\t\t\t\t<\/div>\n\t\t\t\t\t<\/div>\n\t\t\t\t<\/div>\n\t\t<div class=\"elementor-element elementor-element-b28fcb3 e-flex e-con-boxed e-con e-parent\" data-id=\"b28fcb3\" data-element_type=\"container\">\n\t\t\t\t\t<div class=\"e-con-inner\">\n\t\t\t\t<div class=\"elementor-element elementor-element-34652d3 elementor-widget-divider--view-line elementor-widget elementor-widget-divider\" data-id=\"34652d3\" data-element_type=\"widget\" data-widget_type=\"divider.default\">\n\t\t\t\t<div class=\"elementor-widget-container\">\n\t\t\t\t\t\t\t<div class=\"elementor-divider\">\n\t\t\t<span class=\"elementor-divider-separator\">\n\t\t\t\t\t\t<\/span>\n\t\t<\/div>\n\t\t\t\t\t\t<\/div>\n\t\t\t\t<\/div>\n\t\t\t\t\t<\/div>\n\t\t\t\t<\/div>\n\t\t<div class=\"elementor-element elementor-element-b88bd2f e-flex e-con-boxed e-con e-parent\" data-id=\"b88bd2f\" data-element_type=\"container\">\n\t\t\t\t\t<div class=\"e-con-inner\">\n\t\t\t\t<div class=\"elementor-element elementor-element-4c2d8e9 elementor-widget elementor-widget-text-editor\" data-id=\"4c2d8e9\" data-element_type=\"widget\" data-widget_type=\"text-editor.default\">\n\t\t\t\t<div class=\"elementor-widget-container\">\n\t\t\t\t\t\t\t\t\t<h1>Tampere Music Award<\/h1><p>Music x Median ja Tampereen kaupungin yhdess\u00e4 my\u00f6nt\u00e4m\u00e4 Tampere Music Award on erityinen kunnianosoitus henkil\u00f6lle, taholle tai ajatukselle, jolla on ollut merkitt\u00e4v\u00e4 rooli suomalaisen ja pohjoismaalaisen musiikkialan kehityksess\u00e4. Palkinto on osa Tampereen kaupungin ja Music x Median yhteist\u00e4 strategiaa, jonka avulla tapahtumasta on kehittynyt pohjoismaisten sek\u00e4 Ven\u00e4j\u00e4n ja Baltian musiikkialan ammattilaisten kuhiseva kohtauspaikka.<\/p><p>Palkintoteoksen suunnittelee vuosittain paikallinen taiteilija, ja teos luovutetaan voittajalle Industry Awards -gaalassa. Vuodesta 2019 alkaen Tampere Music Award -voittajien nimet on ikuistettu T\u00e4htikadulle.<\/p><h2>Tampere Music Award -voittajat<\/h2><p><strong>2025:<\/strong> Lars Karlsson<\/p><p><strong>2024: <\/strong>Thomas Johansson<\/p><p><strong>2023: <\/strong>Paul Spraggon<\/p><p><strong>2022: <\/strong>Pete Townshend<\/p><p><strong>2021:\u00a0<\/strong>Ben Mandelson<\/p><p><strong>2019:\u00a0<\/strong>Daniel Lieberberg<\/p><p><strong>2018:\u00a0<\/strong>Anna Hildur<\/p><p><strong>2017:\u00a0<\/strong>Pelle Lidell<\/p><p><strong>2016:\u00a0<\/strong>Onta Shiroh<\/p><p><strong>2015:\u00a0<\/strong>Holger Tiefenbach<\/p><p><strong>2014:\u00a0<\/strong>Helen Sildna<\/p><p><strong>2013:\u00a0<\/strong>Jonas Sj\u00f6str\u00f6m<\/p><p><strong>2012:\u00a0<\/strong>Jan Sneum<\/p><p><strong>2011:\u00a0<\/strong>Artemyi Troitsky<\/p><p><strong>2010:\u00a0<\/strong>Rein Lang<\/p>\t\t\t\t\t\t\t\t<\/div>\n\t\t\t\t<\/div>\n\t\t\t\t\t<\/div>\n\t\t\t\t<\/div>\n\t\t\t\t<\/div>\n\t\t","protected":false},"excerpt":{"rendered":"<p>Industry Awards Gaala voittajat Vuosittain j\u00e4rjestett\u00e4v\u00e4 Suomen merkitt\u00e4vin musiikkialan ammattilaisten Industry Awards -gaala kruunaa Music x Median. Palkintogaalassa juhlitaan kuluneen vuoden onnistumisia. Gaalassa on palkittu ty\u00f6ss\u00e4\u00e4n ansioituneita musiikkialan ammattilaisia jo vuodesta 1995. T\u00e4lt\u00e4 sivulta l\u00f6yd\u00e4t edellisvuosien Industry Awards -palkintojen voittajat. Vuoden 2025 voittajat Vuoden radioammattilainen\u00a0Riikka &#8221;Ritu&#8221; Karjalainen, SuomiR\u00e4p ja Basso Vuoden musiikkimedia\u00a0Uusi Juttu Vuoden tukipilariJaana [&hellip;]<\/p>\n","protected":false},"author":11,"featured_media":0,"parent":0,"menu_order":0,"comment_status":"closed","ping_status":"closed","template":"","meta":{"_acf_changed":false,"inline_featured_image":false,"footnotes":""},"class_list":["post-11740","page","type-page","status-publish","hentry"],"acf":[],"yoast_head":"<!-- This site is optimized with the Yoast SEO plugin v25.7 - https:\/\/yoast.com\/wordpress\/plugins\/seo\/ -->\n<title>Industry Awards -voittajat - Music x Media<\/title>\n<meta name=\"robots\" content=\"index, follow, max-snippet:-1, max-image-preview:large, max-video-preview:-1\" \/>\n<link rel=\"canonical\" href=\"https:\/\/musicmedia.fi\/fi\/industry-awards-voittajat\/\" \/>\n<meta property=\"og:locale\" content=\"fi_FI\" \/>\n<meta property=\"og:type\" content=\"article\" \/>\n<meta property=\"og:title\" content=\"Industry Awards -voittajat - Music x Media\" \/>\n<meta property=\"og:description\" content=\"Industry Awards Gaala voittajat Vuosittain j\u00e4rjestett\u00e4v\u00e4 Suomen merkitt\u00e4vin musiikkialan ammattilaisten Industry Awards -gaala kruunaa Music x Median. Palkintogaalassa juhlitaan kuluneen vuoden onnistumisia. Gaalassa on palkittu ty\u00f6ss\u00e4\u00e4n ansioituneita musiikkialan ammattilaisia jo vuodesta 1995. T\u00e4lt\u00e4 sivulta l\u00f6yd\u00e4t edellisvuosien Industry Awards -palkintojen voittajat. Vuoden 2025 voittajat Vuoden radioammattilainen\u00a0Riikka &#8221;Ritu&#8221; Karjalainen, SuomiR\u00e4p ja Basso Vuoden musiikkimedia\u00a0Uusi Juttu Vuoden tukipilariJaana [&hellip;]\" \/>\n<meta property=\"og:url\" content=\"https:\/\/musicmedia.fi\/fi\/industry-awards-voittajat\/\" \/>\n<meta property=\"og:site_name\" content=\"Music x Media\" \/>\n<meta property=\"article:modified_time\" content=\"2025-11-04T15:03:20+00:00\" \/>\n<meta property=\"og:image\" content=\"https:\/\/musicmedia.fi\/wp-content\/uploads\/2023\/05\/mxm_oletuskuva_some-1024x538.png\" \/>\n\t<meta property=\"og:image:width\" content=\"1024\" \/>\n\t<meta property=\"og:image:height\" content=\"538\" \/>\n\t<meta property=\"og:image:type\" content=\"image\/png\" \/>\n<meta name=\"twitter:card\" content=\"summary_large_image\" \/>\n<meta name=\"twitter:label1\" content=\"Arvioitu lukuaika\" \/>\n\t<meta name=\"twitter:data1\" content=\"8 minuuttia\" \/>\n<script type=\"application\/ld+json\" class=\"yoast-schema-graph\">{\"@context\":\"https:\/\/schema.org\",\"@graph\":[{\"@type\":\"WebPage\",\"@id\":\"https:\/\/musicmedia.fi\/industry-awards-voittajat\/\",\"url\":\"https:\/\/musicmedia.fi\/industry-awards-voittajat\/\",\"name\":\"Industry Awards -voittajat - Music x Media\",\"isPartOf\":{\"@id\":\"https:\/\/musicmedia.fi\/#website\"},\"datePublished\":\"2025-08-22T15:11:17+00:00\",\"dateModified\":\"2025-11-04T15:03:20+00:00\",\"breadcrumb\":{\"@id\":\"https:\/\/musicmedia.fi\/industry-awards-voittajat\/#breadcrumb\"},\"inLanguage\":\"fi\",\"potentialAction\":[{\"@type\":\"ReadAction\",\"target\":[\"https:\/\/musicmedia.fi\/industry-awards-voittajat\/\"]}]},{\"@type\":\"BreadcrumbList\",\"@id\":\"https:\/\/musicmedia.fi\/industry-awards-voittajat\/#breadcrumb\",\"itemListElement\":[{\"@type\":\"ListItem\",\"position\":1,\"name\":\"Home\",\"item\":\"https:\/\/musicmedia.fi\/\"},{\"@type\":\"ListItem\",\"position\":2,\"name\":\"Industry Awards -voittajat\"}]},{\"@type\":\"WebSite\",\"@id\":\"https:\/\/musicmedia.fi\/#website\",\"url\":\"https:\/\/musicmedia.fi\/\",\"name\":\"Music x Media\",\"description\":\"Musiikki-, viihde- ja tapahtuma-alojen kohtaamispaikka\",\"publisher\":{\"@id\":\"https:\/\/musicmedia.fi\/#organization\"},\"potentialAction\":[{\"@type\":\"SearchAction\",\"target\":{\"@type\":\"EntryPoint\",\"urlTemplate\":\"https:\/\/musicmedia.fi\/?s={search_term_string}\"},\"query-input\":{\"@type\":\"PropertyValueSpecification\",\"valueRequired\":true,\"valueName\":\"search_term_string\"}}],\"inLanguage\":\"fi\"},{\"@type\":\"Organization\",\"@id\":\"https:\/\/musicmedia.fi\/#organization\",\"name\":\"Music x Media\",\"url\":\"https:\/\/musicmedia.fi\/\",\"logo\":{\"@type\":\"ImageObject\",\"inLanguage\":\"fi\",\"@id\":\"https:\/\/musicmedia.fi\/#\/schema\/logo\/image\/\",\"url\":\"https:\/\/musicmedia.fi\/wp-content\/uploads\/2022\/05\/logo.png\",\"contentUrl\":\"https:\/\/musicmedia.fi\/wp-content\/uploads\/2022\/05\/logo.png\",\"width\":276,\"height\":147,\"caption\":\"Music x Media\"},\"image\":{\"@id\":\"https:\/\/musicmedia.fi\/#\/schema\/logo\/image\/\"}}]}<\/script>\n<!-- \/ Yoast SEO plugin. -->","yoast_head_json":{"title":"Industry Awards -voittajat - Music x Media","robots":{"index":"index","follow":"follow","max-snippet":"max-snippet:-1","max-image-preview":"max-image-preview:large","max-video-preview":"max-video-preview:-1"},"canonical":"https:\/\/musicmedia.fi\/fi\/industry-awards-voittajat\/","og_locale":"fi_FI","og_type":"article","og_title":"Industry Awards -voittajat - Music x Media","og_description":"Industry Awards Gaala voittajat Vuosittain j\u00e4rjestett\u00e4v\u00e4 Suomen merkitt\u00e4vin musiikkialan ammattilaisten Industry Awards -gaala kruunaa Music x Median. Palkintogaalassa juhlitaan kuluneen vuoden onnistumisia. Gaalassa on palkittu ty\u00f6ss\u00e4\u00e4n ansioituneita musiikkialan ammattilaisia jo vuodesta 1995. T\u00e4lt\u00e4 sivulta l\u00f6yd\u00e4t edellisvuosien Industry Awards -palkintojen voittajat. Vuoden 2025 voittajat Vuoden radioammattilainen\u00a0Riikka &#8221;Ritu&#8221; Karjalainen, SuomiR\u00e4p ja Basso Vuoden musiikkimedia\u00a0Uusi Juttu Vuoden tukipilariJaana [&hellip;]","og_url":"https:\/\/musicmedia.fi\/fi\/industry-awards-voittajat\/","og_site_name":"Music x Media","article_modified_time":"2025-11-04T15:03:20+00:00","og_image":[{"width":1024,"height":538,"url":"https:\/\/musicmedia.fi\/wp-content\/uploads\/2023\/05\/mxm_oletuskuva_some-1024x538.png","type":"image\/png"}],"twitter_card":"summary_large_image","twitter_misc":{"Arvioitu lukuaika":"8 minuuttia"},"schema":{"@context":"https:\/\/schema.org","@graph":[{"@type":"WebPage","@id":"https:\/\/musicmedia.fi\/industry-awards-voittajat\/","url":"https:\/\/musicmedia.fi\/industry-awards-voittajat\/","name":"Industry Awards -voittajat - Music x Media","isPartOf":{"@id":"https:\/\/musicmedia.fi\/#website"},"datePublished":"2025-08-22T15:11:17+00:00","dateModified":"2025-11-04T15:03:20+00:00","breadcrumb":{"@id":"https:\/\/musicmedia.fi\/industry-awards-voittajat\/#breadcrumb"},"inLanguage":"fi","potentialAction":[{"@type":"ReadAction","target":["https:\/\/musicmedia.fi\/industry-awards-voittajat\/"]}]},{"@type":"BreadcrumbList","@id":"https:\/\/musicmedia.fi\/industry-awards-voittajat\/#breadcrumb","itemListElement":[{"@type":"ListItem","position":1,"name":"Home","item":"https:\/\/musicmedia.fi\/"},{"@type":"ListItem","position":2,"name":"Industry Awards -voittajat"}]},{"@type":"WebSite","@id":"https:\/\/musicmedia.fi\/#website","url":"https:\/\/musicmedia.fi\/","name":"Music x Media","description":"Musiikki-, viihde- ja tapahtuma-alojen kohtaamispaikka","publisher":{"@id":"https:\/\/musicmedia.fi\/#organization"},"potentialAction":[{"@type":"SearchAction","target":{"@type":"EntryPoint","urlTemplate":"https:\/\/musicmedia.fi\/?s={search_term_string}"},"query-input":{"@type":"PropertyValueSpecification","valueRequired":true,"valueName":"search_term_string"}}],"inLanguage":"fi"},{"@type":"Organization","@id":"https:\/\/musicmedia.fi\/#organization","name":"Music x Media","url":"https:\/\/musicmedia.fi\/","logo":{"@type":"ImageObject","inLanguage":"fi","@id":"https:\/\/musicmedia.fi\/#\/schema\/logo\/image\/","url":"https:\/\/musicmedia.fi\/wp-content\/uploads\/2022\/05\/logo.png","contentUrl":"https:\/\/musicmedia.fi\/wp-content\/uploads\/2022\/05\/logo.png","width":276,"height":147,"caption":"Music x Media"},"image":{"@id":"https:\/\/musicmedia.fi\/#\/schema\/logo\/image\/"}}]}},"_links":{"self":[{"href":"https:\/\/musicmedia.fi\/fi\/wp-json\/wp\/v2\/pages\/11740","targetHints":{"allow":["GET"]}}],"collection":[{"href":"https:\/\/musicmedia.fi\/fi\/wp-json\/wp\/v2\/pages"}],"about":[{"href":"https:\/\/musicmedia.fi\/fi\/wp-json\/wp\/v2\/types\/page"}],"author":[{"embeddable":true,"href":"https:\/\/musicmedia.fi\/fi\/wp-json\/wp\/v2\/users\/11"}],"replies":[{"embeddable":true,"href":"https:\/\/musicmedia.fi\/fi\/wp-json\/wp\/v2\/comments?post=11740"}],"version-history":[{"count":14,"href":"https:\/\/musicmedia.fi\/fi\/wp-json\/wp\/v2\/pages\/11740\/revisions"}],"predecessor-version":[{"id":12528,"href":"https:\/\/musicmedia.fi\/fi\/wp-json\/wp\/v2\/pages\/11740\/revisions\/12528"}],"wp:attachment":[{"href":"https:\/\/musicmedia.fi\/fi\/wp-json\/wp\/v2\/media?parent=11740"}],"curies":[{"name":"wp","href":"https:\/\/api.w.org\/{rel}","templated":true}]}}