{"id":3626,"date":"2023-05-04T23:47:01","date_gmt":"2023-05-04T20:47:01","guid":{"rendered":"https:\/\/musamedia.fi\/?page_id=3626"},"modified":"2026-02-18T10:25:02","modified_gmt":"2026-02-18T08:25:02","slug":"uutiset","status":"publish","type":"page","link":"https:\/\/musicmedia.fi\/en\/uutiset\/","title":{"rendered":"News"},"content":{"rendered":"<div data-elementor-type=\"wp-page\" data-elementor-id=\"3626\" class=\"elementor elementor-3626\">\n\t\t\t\t<div class=\"elementor-element elementor-element-524dace e-flex e-con-boxed e-con e-parent\" data-id=\"524dace\" data-element_type=\"container\">\n\t\t\t\t\t<div class=\"e-con-inner\">\n\t\t\t\t<div class=\"elementor-element elementor-element-62e62e0 elementor-widget elementor-widget-spacer\" data-id=\"62e62e0\" data-element_type=\"widget\" data-widget_type=\"spacer.default\">\n\t\t\t\t<div class=\"elementor-widget-container\">\n\t\t\t\t\t\t\t<div class=\"elementor-spacer\">\n\t\t\t<div class=\"elementor-spacer-inner\"><\/div>\n\t\t<\/div>\n\t\t\t\t\t\t<\/div>\n\t\t\t\t<\/div>\n\t\t\t\t<div class=\"elementor-element elementor-element-899735a elementor-widget elementor-widget-heading\" data-id=\"899735a\" data-element_type=\"widget\" data-widget_type=\"heading.default\">\n\t\t\t\t<div class=\"elementor-widget-container\">\n\t\t\t\t\t<h1 class=\"elementor-heading-title elementor-size-default\">News<\/h1>\t\t\t\t<\/div>\n\t\t\t\t<\/div>\n\t\t\t\t<div class=\"elementor-element elementor-element-1bdec38 elementor-widget elementor-widget-spacer\" data-id=\"1bdec38\" data-element_type=\"widget\" data-widget_type=\"spacer.default\">\n\t\t\t\t<div class=\"elementor-widget-container\">\n\t\t\t\t\t\t\t<div class=\"elementor-spacer\">\n\t\t\t<div class=\"elementor-spacer-inner\"><\/div>\n\t\t<\/div>\n\t\t\t\t\t\t<\/div>\n\t\t\t\t<\/div>\n\t\t\t\t<div class=\"elementor-element elementor-element-2a1f071 elementor-widget elementor-widget-ucaddon_post_blocks\" data-id=\"2a1f071\" data-element_type=\"widget\" data-widget_type=\"ucaddon_post_blocks.default\">\n\t\t\t\t<div class=\"elementor-widget-container\">\n\t\t\t\t\t\n<!-- start Post Blocks -->\n\t\t<link id='font-awesome-css' href='https:\/\/musicmedia.fi\/wp-content\/plugins\/unlimited-elements-for-elementor\/assets_libraries\/font-awesome6\/fontawesome-all.min.css' type='text\/css' rel='stylesheet' >\n\t\t<link id='font-awesome-4-shim-css' href='https:\/\/musicmedia.fi\/wp-content\/plugins\/unlimited-elements-for-elementor\/assets_libraries\/font-awesome6\/fontawesome-v4-shims.min.css' type='text\/css' rel='stylesheet' >\n\n<style>\/* widget: Post Blocks *\/\n\n\r\n@keyframes uc_post_blocks_elementor_2a1f071__item-animation {\r\n  0% {\r\n            transform: translateY(100px);\r\n        \t\r\n    \t    opacity: 0;\r\n  }\r\n  100% {\r\n            transform: translateY(0px);\r\n        \t\r\n    \t\topacity: 1;\r\n  }\r\n}\r\n\r\n\r\n#uc_post_blocks_elementor_2a1f071 .ue_post_blocks_box{\r\n\topacity:0;\r\n}\r\n\r\n\r\n#uc_post_blocks_elementor_2a1f071 .uc-entrance-animate {\r\n  opacity:1;\r\n}\r\n\r\n#uc_post_blocks_elementor_2a1f071 .uc-entrance-animate {\r\n\tanimation: uc_post_blocks_elementor_2a1f071__item-animation 0.6s cubic-bezier(0.470, 0.000, 0.745, 0.715) both;\r\n}\r\n\r\n\t\t\t\n\n#uc_post_blocks_elementor_2a1f071 {\n    display:grid;\n}\n#uc_post_blocks_elementor_2a1f071 .ue_post_blocks_box\n{\n  overflow:hidden;\n}\n\n#uc_post_blocks_elementor_2a1f071 .ue_post_blocks_image\n{\n  overflow:hidden;\n}\n#uc_post_blocks_elementor_2a1f071 .ue_post_blocks_image img\n{\n  object-fit: cover;\n  object-position:center center;\n  width:100%;\n  display:block;\n}\n#uc_post_blocks_elementor_2a1f071 .ue_post_blocks_link a\n{\n  display:inline-block;\n  text-decoration:none;\n  text-align:center;\n}\n\n #uc_post_blocks_elementor_2a1f071 .ue_post_blocks_box img\n{\n  transition:0.5s;\n}\n #uc_post_blocks_elementor_2a1f071 .ue_post_blocks_box:hover img\n{\n  transform:scale(1.1,1.1);\n}\n\n\n\n\n#uc_post_blocks_elementor_2a1f071 .ue-grid-item-meta-data\n{\n  display:inlin-flex;\n  flex-wrap: wrap;\n}\n\n.ue-grid-item-meta-data\n{\n  font-size:12px;\n}\n\n#uc_post_blocks_elementor_2a1f071 .ue-grid-item-meta-data-icon\n{\n  line-height:1em;\n}\n\n#uc_post_blocks_elementor_2a1f071 .ue-grid-item-meta-data-icon svg\n{\n  width:1em;\n  height:1em;\n}\n\n\n.ue-grid-item-category a\n{\n  display:inline-block;\n  font-size:10px;\n  text-transform:uppercase;\n}\n\n<\/style>\n\n<div id=\"uc_post_blocks_elementor_2a1f071\" class=\"ue_post_blocks uc-items-wrapper\" >\n    <div class=\"ue_post_blocks_box\">\n    <div class=\"ue_post_blocks_image\">\n    <a href=\"https:\/\/musicmedia.fi\/en\/music-x-media-vahvistaa-lisaa-puhujia-syksyn-2026-tapahtumaan\/\" style=\"display:block;\"><img decoding=\"async\" src=\"https:\/\/musicmedia.fi\/wp-content\/uploads\/2026\/04\/MXM26-Julkistukset-Uutinen-2-768x432.jpg\"  alt=\"MXM26 Julkistukset-Uutinen -2\" width=\"768\" height=\"432\"><\/a>\n  <\/div>\n    <div class=\"ue_post_blocks_content\">\n      \n     \n               <div class=\"ue-grid-item-meta-data\">\n            <div class=\"ue-grid-item-meta-data-date\"><span class=\"ue-grid-item-meta-data-icon\"><i class=''><\/i><\/span> 21.04.2026<\/div>                    \t  \n    \t<\/div>\n         \n    <div class=\"ue_post_blocks_title\"><a href=\"https:\/\/musicmedia.fi\/en\/music-x-media-vahvistaa-lisaa-puhujia-syksyn-2026-tapahtumaan\/\">Music x Media vahvistaa lis\u00e4\u00e4 puhujia syksyn 2026 tapahtumaan<\/a><\/div>    \n        \n    \n        <div class=\"ue_post_blocks_link\"><a href=\"https:\/\/musicmedia.fi\/en\/music-x-media-vahvistaa-lisaa-puhujia-syksyn-2026-tapahtumaan\/\" class=\"\">Read article<div class=\"mm-luenuoli\">\u2191<\/div><\/a><\/div>  <\/div>\n<\/div>\n<div class=\"ue_post_blocks_box\">\n    <div class=\"ue_post_blocks_image\">\n    <a href=\"https:\/\/musicmedia.fi\/en\/vieraskyna-joogametafora\/\" style=\"display:block;\"><img loading=\"lazy\" decoding=\"async\" src=\"https:\/\/musicmedia.fi\/wp-content\/uploads\/2026\/04\/Vieraskyna1-uutinen-1-768x461.jpg\"  alt=\"Vieraskyna\u03081-uutinen\" width=\"768\" height=\"461\"><\/a>\n  <\/div>\n    <div class=\"ue_post_blocks_content\">\n      \n     \n               <div class=\"ue-grid-item-meta-data\">\n            <div class=\"ue-grid-item-meta-data-date\"><span class=\"ue-grid-item-meta-data-icon\"><i class=''><\/i><\/span> 15.04.2026<\/div>                    \t  \n    \t<\/div>\n         \n    <div class=\"ue_post_blocks_title\"><a href=\"https:\/\/musicmedia.fi\/en\/vieraskyna-joogametafora\/\">Vieraskyn\u00e4: Joogametafora<\/a><\/div>    \n        \n    \n        <div class=\"ue_post_blocks_link\"><a href=\"https:\/\/musicmedia.fi\/en\/vieraskyna-joogametafora\/\" class=\"\">Read article<div class=\"mm-luenuoli\">\u2191<\/div><\/a><\/div>  <\/div>\n<\/div>\n<div class=\"ue_post_blocks_box\">\n    <div class=\"ue_post_blocks_image\">\n    <a href=\"https:\/\/musicmedia.fi\/en\/vieraskyna-solovey-rakentaa-kokonaisturvallisuutta\/\" style=\"display:block;\"><img loading=\"lazy\" decoding=\"async\" src=\"https:\/\/musicmedia.fi\/wp-content\/uploads\/2026\/04\/Vieraskyna1-uutinen-768x461.jpg\"  alt=\"Vieraskyna\u03081-uutinen\" width=\"768\" height=\"461\"><\/a>\n  <\/div>\n    <div class=\"ue_post_blocks_content\">\n      \n     \n               <div class=\"ue-grid-item-meta-data\">\n            <div class=\"ue-grid-item-meta-data-date\"><span class=\"ue-grid-item-meta-data-icon\"><i class=''><\/i><\/span> 01.04.2026<\/div>                    \t  \n    \t<\/div>\n         \n    <div class=\"ue_post_blocks_title\"><a href=\"https:\/\/musicmedia.fi\/en\/vieraskyna-solovey-rakentaa-kokonaisturvallisuutta\/\">Vieraskyn\u00e4: Solovey rakentaa kokonaisturvallisuutta<\/a><\/div>    \n        \n    \n        <div class=\"ue_post_blocks_link\"><a href=\"https:\/\/musicmedia.fi\/en\/vieraskyna-solovey-rakentaa-kokonaisturvallisuutta\/\" class=\"\">Read article<div class=\"mm-luenuoli\">\u2191<\/div><\/a><\/div>  <\/div>\n<\/div>\n<div class=\"ue_post_blocks_box\">\n    <div class=\"ue_post_blocks_image\">\n    <a href=\"https:\/\/musicmedia.fi\/en\/suomalainen-jazz-tanaan-uudet-lapimurrot-ja-kansainvalinen-suunta\/\" style=\"display:block;\"><img loading=\"lazy\" decoding=\"async\" src=\"https:\/\/musicmedia.fi\/wp-content\/uploads\/2026\/03\/2-768x432.jpg\"  alt=\"2\" width=\"768\" height=\"432\"><\/a>\n  <\/div>\n    <div class=\"ue_post_blocks_content\">\n      \n     \n               <div class=\"ue-grid-item-meta-data\">\n            <div class=\"ue-grid-item-meta-data-date\"><span class=\"ue-grid-item-meta-data-icon\"><i class=''><\/i><\/span> 24.03.2026<\/div>                    \t  \n    \t<\/div>\n         \n    <div class=\"ue_post_blocks_title\"><a href=\"https:\/\/musicmedia.fi\/en\/suomalainen-jazz-tanaan-uudet-lapimurrot-ja-kansainvalinen-suunta\/\">Suomalainen jazz t\u00e4n\u00e4\u00e4n \u2013 uudet l\u00e4pimurrot ja kansainv\u00e4linen suunta<\/a><\/div>    \n        \n    \n        <div class=\"ue_post_blocks_link\"><a href=\"https:\/\/musicmedia.fi\/en\/suomalainen-jazz-tanaan-uudet-lapimurrot-ja-kansainvalinen-suunta\/\" class=\"\">Read article<div class=\"mm-luenuoli\">\u2191<\/div><\/a><\/div>  <\/div>\n<\/div>\n<div class=\"ue_post_blocks_box\">\n    <div class=\"ue_post_blocks_image\">\n    <a href=\"https:\/\/musicmedia.fi\/en\/uuden-jutun-kulttuuriohjelma-kerma-livena\/\" style=\"display:block;\"><img loading=\"lazy\" decoding=\"async\" src=\"https:\/\/musicmedia.fi\/wp-content\/uploads\/2026\/03\/1-768x432.jpg\"  alt=\"1\" width=\"768\" height=\"432\"><\/a>\n  <\/div>\n    <div class=\"ue_post_blocks_content\">\n      \n     \n               <div class=\"ue-grid-item-meta-data\">\n            <div class=\"ue-grid-item-meta-data-date\"><span class=\"ue-grid-item-meta-data-icon\"><i class=''><\/i><\/span> 24.03.2026<\/div>                    \t  \n    \t<\/div>\n         \n    <div class=\"ue_post_blocks_title\"><a href=\"https:\/\/musicmedia.fi\/en\/uuden-jutun-kulttuuriohjelma-kerma-livena\/\">Uuden Jutun kulttuuriohjelma Kerma liven\u00e4!<\/a><\/div>    \n        \n    \n        <div class=\"ue_post_blocks_link\"><a href=\"https:\/\/musicmedia.fi\/en\/uuden-jutun-kulttuuriohjelma-kerma-livena\/\" class=\"\">Read article<div class=\"mm-luenuoli\">\u2191<\/div><\/a><\/div>  <\/div>\n<\/div>\n<div class=\"ue_post_blocks_box\">\n    <div class=\"ue_post_blocks_image\">\n    <a href=\"https:\/\/musicmedia.fi\/en\/henkilokuvassa-kristiina-wheeler\/\" style=\"display:block;\"><img loading=\"lazy\" decoding=\"async\" src=\"https:\/\/musicmedia.fi\/wp-content\/uploads\/2026\/03\/3-768x432.jpg\"  alt=\"3\" width=\"768\" height=\"432\"><\/a>\n  <\/div>\n    <div class=\"ue_post_blocks_content\">\n      \n     \n               <div class=\"ue-grid-item-meta-data\">\n            <div class=\"ue-grid-item-meta-data-date\"><span class=\"ue-grid-item-meta-data-icon\"><i class=''><\/i><\/span> 24.03.2026<\/div>                    \t  \n    \t<\/div>\n         \n    <div class=\"ue_post_blocks_title\"><a href=\"https:\/\/musicmedia.fi\/en\/henkilokuvassa-kristiina-wheeler\/\">Henkil\u00f6kuvassa: Kristiina Wheeler<\/a><\/div>    \n        \n    \n        <div class=\"ue_post_blocks_link\"><a href=\"https:\/\/musicmedia.fi\/en\/henkilokuvassa-kristiina-wheeler\/\" class=\"\">Read article<div class=\"mm-luenuoli\">\u2191<\/div><\/a><\/div>  <\/div>\n<\/div>\n<div class=\"ue_post_blocks_box\">\n    <div class=\"ue_post_blocks_image\">\n    <a href=\"https:\/\/musicmedia.fi\/en\/music-x-median-ensimmaiset-ohjelmasisallot-julki\/\" style=\"display:block;\"><img loading=\"lazy\" decoding=\"async\" src=\"https:\/\/musicmedia.fi\/wp-content\/uploads\/2026\/03\/MXM26-Julkistukset-Uutinen--768x432.jpg\"  alt=\"MXM26 Julkistukset-Uutinen\" width=\"768\" height=\"432\"><\/a>\n  <\/div>\n    <div class=\"ue_post_blocks_content\">\n      \n     \n               <div class=\"ue-grid-item-meta-data\">\n            <div class=\"ue-grid-item-meta-data-date\"><span class=\"ue-grid-item-meta-data-icon\"><i class=''><\/i><\/span> 24.03.2026<\/div>                    \t  \n    \t<\/div>\n         \n    <div class=\"ue_post_blocks_title\"><a href=\"https:\/\/musicmedia.fi\/en\/music-x-median-ensimmaiset-ohjelmasisallot-julki\/\">Music x Median ensimm\u00e4iset ohjelmasis\u00e4ll\u00f6t julki<\/a><\/div>    \n        \n    \n        <div class=\"ue_post_blocks_link\"><a href=\"https:\/\/musicmedia.fi\/en\/music-x-median-ensimmaiset-ohjelmasisallot-julki\/\" class=\"\">Read article<div class=\"mm-luenuoli\">\u2191<\/div><\/a><\/div>  <\/div>\n<\/div>\n<div class=\"ue_post_blocks_box\">\n    <div class=\"ue_post_blocks_image\">\n    <a href=\"https:\/\/musicmedia.fi\/en\/music-x-media-haluaa-kehittaa-gaalan-ehdokkaiden-maaritelmia-seka-raateja\/\" style=\"display:block;\"><img loading=\"lazy\" decoding=\"async\" src=\"https:\/\/musicmedia.fi\/wp-content\/uploads\/2026\/03\/54819822928_3e2354c62f_c-768x512.jpg\"  alt=\"54819822928_3e2354c62f_c\" width=\"768\" height=\"512\"><\/a>\n  <\/div>\n    <div class=\"ue_post_blocks_content\">\n      \n     \n               <div class=\"ue-grid-item-meta-data\">\n            <div class=\"ue-grid-item-meta-data-date\"><span class=\"ue-grid-item-meta-data-icon\"><i class=''><\/i><\/span> 19.03.2026<\/div>                    \t  \n    \t<\/div>\n         \n    <div class=\"ue_post_blocks_title\"><a href=\"https:\/\/musicmedia.fi\/en\/music-x-media-haluaa-kehittaa-gaalan-ehdokkaiden-maaritelmia-seka-raateja\/\">Music x Media haluaa kehitt\u00e4\u00e4 gaalan ehdokkaiden m\u00e4\u00e4ritelmi\u00e4 sek\u00e4 raateja!<\/a><\/div>    \n        \n    \n        <div class=\"ue_post_blocks_link\"><a href=\"https:\/\/musicmedia.fi\/en\/music-x-media-haluaa-kehittaa-gaalan-ehdokkaiden-maaritelmia-seka-raateja\/\" class=\"\">Read article<div class=\"mm-luenuoli\">\u2191<\/div><\/a><\/div>  <\/div>\n<\/div>\n<div class=\"ue_post_blocks_box\">\n    <div class=\"ue_post_blocks_image\">\n    <a href=\"https:\/\/musicmedia.fi\/en\/vieraskyna-kanteleliiton-valtionrahoitus-lopetettu-kansallissoitin-elaa-modernina-ja-relevanttina-2020-luvulla\/\" style=\"display:block;\"><img loading=\"lazy\" decoding=\"async\" src=\"https:\/\/musicmedia.fi\/wp-content\/uploads\/2026\/03\/Vieraskyna1-uutinen-768x461.jpg\"  alt=\"Vieraskyna\u03081-uutinen\" width=\"768\" height=\"461\"><\/a>\n  <\/div>\n    <div class=\"ue_post_blocks_content\">\n      \n     \n               <div class=\"ue-grid-item-meta-data\">\n            <div class=\"ue-grid-item-meta-data-date\"><span class=\"ue-grid-item-meta-data-icon\"><i class=''><\/i><\/span> 18.03.2026<\/div>                    \t  \n    \t<\/div>\n         \n    <div class=\"ue_post_blocks_title\"><a href=\"https:\/\/musicmedia.fi\/en\/vieraskyna-kanteleliiton-valtionrahoitus-lopetettu-kansallissoitin-elaa-modernina-ja-relevanttina-2020-luvulla\/\">Vieraskyn\u00e4: Kanteleliiton valtionrahoitus lopetettu - Kansallissoitin el\u00e4\u00e4 modernina ja relevanttina 2020-luvulla<\/a><\/div>    \n        \n    \n        <div class=\"ue_post_blocks_link\"><a href=\"https:\/\/musicmedia.fi\/en\/vieraskyna-kanteleliiton-valtionrahoitus-lopetettu-kansallissoitin-elaa-modernina-ja-relevanttina-2020-luvulla\/\" class=\"\">Read article<div class=\"mm-luenuoli\">\u2191<\/div><\/a><\/div>  <\/div>\n<\/div>\n<div class=\"ue_post_blocks_box\">\n    <div class=\"ue_post_blocks_image\">\n    <a href=\"https:\/\/musicmedia.fi\/en\/music-x-media-lost-in-music-etsii-harjoittelijoita\/\" style=\"display:block;\"><img loading=\"lazy\" decoding=\"async\" src=\"https:\/\/musicmedia.fi\/wp-content\/uploads\/2026\/03\/Uutinen_harkkahaku-768x432.jpg\"  alt=\"Uutinen_harkkahaku\" width=\"768\" height=\"432\"><\/a>\n  <\/div>\n    <div class=\"ue_post_blocks_content\">\n      \n     \n               <div class=\"ue-grid-item-meta-data\">\n            <div class=\"ue-grid-item-meta-data-date\"><span class=\"ue-grid-item-meta-data-icon\"><i class=''><\/i><\/span> 16.03.2026<\/div>                    \t  \n    \t<\/div>\n         \n    <div class=\"ue_post_blocks_title\"><a href=\"https:\/\/musicmedia.fi\/en\/music-x-media-lost-in-music-etsii-harjoittelijoita\/\">Music x Media & Lost In Music etsii harjoittelijoita!<\/a><\/div>    \n        \n    \n        <div class=\"ue_post_blocks_link\"><a href=\"https:\/\/musicmedia.fi\/en\/music-x-media-lost-in-music-etsii-harjoittelijoita\/\" class=\"\">Read article<div class=\"mm-luenuoli\">\u2191<\/div><\/a><\/div>  <\/div>\n<\/div>\n<div class=\"ue_post_blocks_box\">\n    <div class=\"ue_post_blocks_image\">\n    <a href=\"https:\/\/musicmedia.fi\/en\/music-x-media-avaa-tana-vuonna-myos-eran-freelancer-lippuja-myyntiin\/\" style=\"display:block;\"><img loading=\"lazy\" decoding=\"async\" src=\"https:\/\/musicmedia.fi\/wp-content\/uploads\/2026\/03\/54822235718_d714921b1f_c-768x512.jpg\"  alt=\"54822235718_d714921b1f_c\" width=\"768\" height=\"512\"><\/a>\n  <\/div>\n    <div class=\"ue_post_blocks_content\">\n      \n     \n               <div class=\"ue-grid-item-meta-data\">\n            <div class=\"ue-grid-item-meta-data-date\"><span class=\"ue-grid-item-meta-data-icon\"><i class=''><\/i><\/span> 11.03.2026<\/div>                    \t  \n    \t<\/div>\n         \n    <div class=\"ue_post_blocks_title\"><a href=\"https:\/\/musicmedia.fi\/en\/music-x-media-avaa-tana-vuonna-myos-eran-freelancer-lippuja-myyntiin\/\">This year, Music x Media will also be selling a limited number of Freelancer tickets!<\/a><\/div>    \n        \n    \n        <div class=\"ue_post_blocks_link\"><a href=\"https:\/\/musicmedia.fi\/en\/music-x-media-avaa-tana-vuonna-myos-eran-freelancer-lippuja-myyntiin\/\" class=\"\">Read article<div class=\"mm-luenuoli\">\u2191<\/div><\/a><\/div>  <\/div>\n<\/div>\n<div class=\"ue_post_blocks_box\">\n    <div class=\"ue_post_blocks_image\">\n    <a href=\"https:\/\/musicmedia.fi\/en\/lost-in-musicin-ensimmaiset-artistit-vuoden-2026-festareille-nyt-julki\/\" style=\"display:block;\"><img loading=\"lazy\" decoding=\"async\" src=\"https:\/\/musicmedia.fi\/wp-content\/uploads\/2026\/03\/pilvetpilvet-7-768x512.jpg\"  alt=\"pilvetpilvet-7\" width=\"768\" height=\"512\"><\/a>\n  <\/div>\n    <div class=\"ue_post_blocks_content\">\n      \n     \n               <div class=\"ue-grid-item-meta-data\">\n            <div class=\"ue-grid-item-meta-data-date\"><span class=\"ue-grid-item-meta-data-icon\"><i class=''><\/i><\/span> 09.03.2026<\/div>                    \t  \n    \t<\/div>\n         \n    <div class=\"ue_post_blocks_title\"><a href=\"https:\/\/musicmedia.fi\/en\/lost-in-musicin-ensimmaiset-artistit-vuoden-2026-festareille-nyt-julki\/\">Lost In Musicin ensimm\u00e4iset artistit vuoden 2026 festareille nyt julki!<\/a><\/div>    \n        \n    \n        <div class=\"ue_post_blocks_link\"><a href=\"https:\/\/musicmedia.fi\/en\/lost-in-musicin-ensimmaiset-artistit-vuoden-2026-festareille-nyt-julki\/\" class=\"\">Read article<div class=\"mm-luenuoli\">\u2191<\/div><\/a><\/div>  <\/div>\n<\/div>\n<div class=\"ue_post_blocks_box\">\n    <div class=\"ue_post_blocks_image\">\n    <a href=\"https:\/\/musicmedia.fi\/en\/music-x-media-kokosi-joukon-alan-ammattilaisia\/\" style=\"display:block;\"><img loading=\"lazy\" decoding=\"async\" src=\"https:\/\/musicmedia.fi\/wp-content\/uploads\/2026\/02\/Screenshot-2026-02-26-at-9.42.16-768x448.png\"  alt=\"Screenshot 2026-02-26 at 9.42\" width=\"768\" height=\"448\"><\/a>\n  <\/div>\n    <div class=\"ue_post_blocks_content\">\n      \n     \n               <div class=\"ue-grid-item-meta-data\">\n            <div class=\"ue-grid-item-meta-data-date\"><span class=\"ue-grid-item-meta-data-icon\"><i class=''><\/i><\/span> 26.02.2026<\/div>                    \t  \n    \t<\/div>\n         \n    <div class=\"ue_post_blocks_title\"><a href=\"https:\/\/musicmedia.fi\/en\/music-x-media-kokosi-joukon-alan-ammattilaisia\/\">Music x Media kokosi joukon alan ammattilaisia keskustelemaan suoratoistopalveluiden ja julkaisutoiminnan tulevaisuudesta<\/a><\/div>    \n        \n    \n        <div class=\"ue_post_blocks_link\"><a href=\"https:\/\/musicmedia.fi\/en\/music-x-media-kokosi-joukon-alan-ammattilaisia\/\" class=\"\">Read article<div class=\"mm-luenuoli\">\u2191<\/div><\/a><\/div>  <\/div>\n<\/div>\n<div class=\"ue_post_blocks_box\">\n    <div class=\"ue_post_blocks_image\">\n    <a href=\"https:\/\/musicmedia.fi\/en\/vieraskyna-pieni-maa-suuri-aani\/\" style=\"display:block;\"><img loading=\"lazy\" decoding=\"async\" src=\"https:\/\/musicmedia.fi\/wp-content\/uploads\/2026\/02\/Vieraskyna1-uutinen-768x461.png\"  alt=\"Vieraskyna\u03081-uutinen\" width=\"768\" height=\"461\"><\/a>\n  <\/div>\n    <div class=\"ue_post_blocks_content\">\n      \n     \n               <div class=\"ue-grid-item-meta-data\">\n            <div class=\"ue-grid-item-meta-data-date\"><span class=\"ue-grid-item-meta-data-icon\"><i class=''><\/i><\/span> 18.02.2026<\/div>                    \t  \n    \t<\/div>\n         \n    <div class=\"ue_post_blocks_title\"><a href=\"https:\/\/musicmedia.fi\/en\/vieraskyna-pieni-maa-suuri-aani\/\">Vieraskyn\u00e4: Pieni maa, suuri \u00e4\u00e4ni<\/a><\/div>    \n        \n    \n        <div class=\"ue_post_blocks_link\"><a href=\"https:\/\/musicmedia.fi\/en\/vieraskyna-pieni-maa-suuri-aani\/\" class=\"\">Read article<div class=\"mm-luenuoli\">\u2191<\/div><\/a><\/div>  <\/div>\n<\/div>\n<div class=\"ue_post_blocks_box\">\n    <div class=\"ue_post_blocks_image\">\n    <a href=\"https:\/\/musicmedia.fi\/en\/music-x-media-kutsuu-musiikkialaa-mukanaan-osaksi-musiikkialan-verkostoitumisseminaaria-arctic-pulse-producers-network-meeting-tilaisuuteen-oulussa-27-2-2026-2\/\" style=\"display:block;\"><img loading=\"lazy\" decoding=\"async\" src=\"https:\/\/musicmedia.fi\/wp-content\/uploads\/2026\/02\/FrozenPeople_X8A6305_Harri_Tarvainen-768x512.jpg\"  alt=\"FrozenPeople_X8A6305_Harri_Tarvainen\" width=\"768\" height=\"512\"><\/a>\n  <\/div>\n    <div class=\"ue_post_blocks_content\">\n      \n     \n               <div class=\"ue-grid-item-meta-data\">\n            <div class=\"ue-grid-item-meta-data-date\"><span class=\"ue-grid-item-meta-data-icon\"><i class=''><\/i><\/span> 11.02.2026<\/div>                    \t  \n    \t<\/div>\n         \n    <div class=\"ue_post_blocks_title\"><a href=\"https:\/\/musicmedia.fi\/en\/music-x-media-kutsuu-musiikkialaa-mukanaan-osaksi-musiikkialan-verkostoitumisseminaaria-arctic-pulse-producers-network-meeting-tilaisuuteen-oulussa-27-2-2026-2\/\">Music x Media kutsuu musiikkialaa mukanaan osaksi musiikkialan verkostoitumisseminaaria Arctic Pulse Producers\u2019 Network Meeting -tilaisuuteen Oulussa 27.2.2026!<\/a><\/div>    \n        \n    \n        <div class=\"ue_post_blocks_link\"><a href=\"https:\/\/musicmedia.fi\/en\/music-x-media-kutsuu-musiikkialaa-mukanaan-osaksi-musiikkialan-verkostoitumisseminaaria-arctic-pulse-producers-network-meeting-tilaisuuteen-oulussa-27-2-2026-2\/\" class=\"\">Read article<div class=\"mm-luenuoli\">\u2191<\/div><\/a><\/div>  <\/div>\n<\/div>\n<div class=\"ue_post_blocks_box\">\n    <div class=\"ue_post_blocks_image\">\n    <a href=\"https:\/\/musicmedia.fi\/en\/kaksi-tilaisuutta-helsingissa-25-2-2026-olet-lampimasti-tervetullut-mukaan-keskusteluihin\/\" style=\"display:block;\"><img loading=\"lazy\" decoding=\"async\" src=\"https:\/\/musicmedia.fi\/wp-content\/uploads\/2026\/02\/mxm-5-768x512.jpg\"  alt=\"mxm-5\" width=\"768\" height=\"512\"><\/a>\n  <\/div>\n    <div class=\"ue_post_blocks_content\">\n      \n     \n               <div class=\"ue-grid-item-meta-data\">\n            <div class=\"ue-grid-item-meta-data-date\"><span class=\"ue-grid-item-meta-data-icon\"><i class=''><\/i><\/span> 06.02.2026<\/div>                    \t  \n    \t<\/div>\n         \n    <div class=\"ue_post_blocks_title\"><a href=\"https:\/\/musicmedia.fi\/en\/kaksi-tilaisuutta-helsingissa-25-2-2026-olet-lampimasti-tervetullut-mukaan-keskusteluihin\/\">Kaksi tilaisuutta Helsingiss\u00e4 25.2.2026 \u2013 olet l\u00e4mpim\u00e4sti tervetullut mukaan keskusteluihin!<\/a><\/div>    \n        \n    \n        <div class=\"ue_post_blocks_link\"><a href=\"https:\/\/musicmedia.fi\/en\/kaksi-tilaisuutta-helsingissa-25-2-2026-olet-lampimasti-tervetullut-mukaan-keskusteluihin\/\" class=\"\">Read article<div class=\"mm-luenuoli\">\u2191<\/div><\/a><\/div>  <\/div>\n<\/div>\n<div class=\"ue_post_blocks_box\">\n    <div class=\"ue_post_blocks_image\">\n    <a href=\"https:\/\/musicmedia.fi\/en\/vieraskyna-kaparin-kupla-urani-naisvaltaisella-musiikkialalla\/\" style=\"display:block;\"><img loading=\"lazy\" decoding=\"async\" src=\"https:\/\/musicmedia.fi\/wp-content\/uploads\/2026\/01\/Vieraskyna1-uutinen-2-768x419.png\"  alt=\"Vieraskyna\u03081-uutinen-2\" width=\"768\" height=\"419\"><\/a>\n  <\/div>\n    <div class=\"ue_post_blocks_content\">\n      \n     \n               <div class=\"ue-grid-item-meta-data\">\n            <div class=\"ue-grid-item-meta-data-date\"><span class=\"ue-grid-item-meta-data-icon\"><i class=''><\/i><\/span> 28.01.2026<\/div>                    \t  \n    \t<\/div>\n         \n    <div class=\"ue_post_blocks_title\"><a href=\"https:\/\/musicmedia.fi\/en\/vieraskyna-kaparin-kupla-urani-naisvaltaisella-musiikkialalla\/\">Vieraskyn\u00e4: Kaparin Kupla - Urani naisvaltaisella musiikkialalla<\/a><\/div>    \n        \n    \n        <div class=\"ue_post_blocks_link\"><a href=\"https:\/\/musicmedia.fi\/en\/vieraskyna-kaparin-kupla-urani-naisvaltaisella-musiikkialalla\/\" class=\"\">Read article<div class=\"mm-luenuoli\">\u2191<\/div><\/a><\/div>  <\/div>\n<\/div>\n<div class=\"ue_post_blocks_box\">\n    <div class=\"ue_post_blocks_image\">\n    <a href=\"https:\/\/musicmedia.fi\/en\/nyt-kannattaa-tilata-music-x-median-uutiskirje\/\" style=\"display:block;\"><img loading=\"lazy\" decoding=\"async\" src=\"https:\/\/musicmedia.fi\/wp-content\/uploads\/2025\/12\/1-1-768x512.jpg\"  alt=\"Lotta ja Petra -kuva\" width=\"768\" height=\"512\"><\/a>\n  <\/div>\n    <div class=\"ue_post_blocks_content\">\n      \n     \n               <div class=\"ue-grid-item-meta-data\">\n            <div class=\"ue-grid-item-meta-data-date\"><span class=\"ue-grid-item-meta-data-icon\"><i class=''><\/i><\/span> 22.01.2026<\/div>                    \t  \n    \t<\/div>\n         \n    <div class=\"ue_post_blocks_title\"><a href=\"https:\/\/musicmedia.fi\/en\/nyt-kannattaa-tilata-music-x-median-uutiskirje\/\">You should subscribe to Music x Media's newsletter now!<\/a><\/div>    \n        \n    \n        <div class=\"ue_post_blocks_link\"><a href=\"https:\/\/musicmedia.fi\/en\/nyt-kannattaa-tilata-music-x-median-uutiskirje\/\" class=\"\">Read article<div class=\"mm-luenuoli\">\u2191<\/div><\/a><\/div>  <\/div>\n<\/div>\n<div class=\"ue_post_blocks_box\">\n    <div class=\"ue_post_blocks_image\">\n    <a href=\"https:\/\/musicmedia.fi\/en\/music-x-median-ennakkotyopaja-jarjestettiin-suomalaisen-musiikin-paivana-8-12\/\" style=\"display:block;\"><img loading=\"lazy\" decoding=\"async\" src=\"https:\/\/musicmedia.fi\/wp-content\/uploads\/2025\/12\/ennakkotyopaja-1-768x512.jpg\"  alt=\"ennakkotyo\u0308paja-1\" width=\"768\" height=\"512\"><\/a>\n  <\/div>\n    <div class=\"ue_post_blocks_content\">\n      \n     \n               <div class=\"ue-grid-item-meta-data\">\n            <div class=\"ue-grid-item-meta-data-date\"><span class=\"ue-grid-item-meta-data-icon\"><i class=''><\/i><\/span> 11.12.2025<\/div>                    \t  \n    \t<\/div>\n         \n    <div class=\"ue_post_blocks_title\"><a href=\"https:\/\/musicmedia.fi\/en\/music-x-median-ennakkotyopaja-jarjestettiin-suomalaisen-musiikin-paivana-8-12\/\">The Music x Media pre-workshop was organized on Finnish Music Day on December 8th.\u00a0<\/a><\/div>    \n        \n    \n        <div class=\"ue_post_blocks_link\"><a href=\"https:\/\/musicmedia.fi\/en\/music-x-median-ennakkotyopaja-jarjestettiin-suomalaisen-musiikin-paivana-8-12\/\" class=\"\">Read article<div class=\"mm-luenuoli\">\u2191<\/div><\/a><\/div>  <\/div>\n<\/div>\n<div class=\"ue_post_blocks_box\">\n    <div class=\"ue_post_blocks_image\">\n    <a href=\"https:\/\/musicmedia.fi\/en\/the-lost-in-music-2025-aftermovie-is-now-out-next-years-dates-have-also-been-announced\/\" style=\"display:block;\"><img loading=\"lazy\" decoding=\"async\" src=\"https:\/\/musicmedia.fi\/wp-content\/uploads\/2025\/10\/Nayttokuva-2025-10-29-143103-e1761741280499-768x414.png\"  alt=\"N\u00e4ytt\u00f6kuva 2025-10-29 143103\" width=\"768\" height=\"414\"><\/a>\n  <\/div>\n    <div class=\"ue_post_blocks_content\">\n      \n     \n               <div class=\"ue-grid-item-meta-data\">\n            <div class=\"ue-grid-item-meta-data-date\"><span class=\"ue-grid-item-meta-data-icon\"><i class=''><\/i><\/span> 29.10.2025<\/div>                    \t  \n    \t<\/div>\n         \n    <div class=\"ue_post_blocks_title\"><a href=\"https:\/\/musicmedia.fi\/en\/the-lost-in-music-2025-aftermovie-is-now-out-next-years-dates-have-also-been-announced\/\">The Lost In Music 2025 aftermovie is now out! \u2013 Next year's dates have also been announced<\/a><\/div>    \n        \n    \n        <div class=\"ue_post_blocks_link\"><a href=\"https:\/\/musicmedia.fi\/en\/the-lost-in-music-2025-aftermovie-is-now-out-next-years-dates-have-also-been-announced\/\" class=\"\">Read article<div class=\"mm-luenuoli\">\u2191<\/div><\/a><\/div>  <\/div>\n<\/div>\n<div class=\"ue_post_blocks_box\">\n    <div class=\"ue_post_blocks_image\">\n    <a href=\"https:\/\/musicmedia.fi\/en\/oulu2026-and-music-x-media-joined-forces-to-build-the-future-of-the-music-industry\/\" style=\"display:block;\"><img loading=\"lazy\" decoding=\"async\" src=\"https:\/\/musicmedia.fi\/wp-content\/uploads\/2025\/10\/MxM25_2609_MiikkaVarila_Oulu-14-768x512.jpg\"  alt=\"MxM25_2609_MiikkaVarila_Oulu-14\" width=\"768\" height=\"512\"><\/a>\n  <\/div>\n    <div class=\"ue_post_blocks_content\">\n      \n     \n               <div class=\"ue-grid-item-meta-data\">\n            <div class=\"ue-grid-item-meta-data-date\"><span class=\"ue-grid-item-meta-data-icon\"><i class=''><\/i><\/span> 16.10.2025<\/div>                    \t  \n    \t<\/div>\n         \n    <div class=\"ue_post_blocks_title\"><a href=\"https:\/\/musicmedia.fi\/en\/oulu2026-and-music-x-media-joined-forces-to-build-the-future-of-the-music-industry\/\">Oulu2026 and Music x Media joined forces to build the future of the music industry<\/a><\/div>    \n        \n    \n        <div class=\"ue_post_blocks_link\"><a href=\"https:\/\/musicmedia.fi\/en\/oulu2026-and-music-x-media-joined-forces-to-build-the-future-of-the-music-industry\/\" class=\"\">Read article<div class=\"mm-luenuoli\">\u2191<\/div><\/a><\/div>  <\/div>\n<\/div>\n<div class=\"ue_post_blocks_box\">\n    <div class=\"ue_post_blocks_image\">\n    <a href=\"https:\/\/musicmedia.fi\/en\/the-2025-luovuus-award-was-given-to-the-new-creative-industry-event-oddfest\/\" style=\"display:block;\"><img loading=\"lazy\" decoding=\"async\" src=\"https:\/\/musicmedia.fi\/wp-content\/uploads\/2025\/10\/MxM25_2509_MiikkaVarila_IndustryAwards-124-e1759758506209-768x547.jpg\"  alt=\"MxM25_2509_MiikkaVarila_IndustryAwards-124\" width=\"768\" height=\"547\"><\/a>\n  <\/div>\n    <div class=\"ue_post_blocks_content\">\n      \n     \n               <div class=\"ue-grid-item-meta-data\">\n            <div class=\"ue-grid-item-meta-data-date\"><span class=\"ue-grid-item-meta-data-icon\"><i class=''><\/i><\/span> 08.10.2025<\/div>                    \t  \n    \t<\/div>\n         \n    <div class=\"ue_post_blocks_title\"><a href=\"https:\/\/musicmedia.fi\/en\/the-2025-luovuus-award-was-given-to-the-new-creative-industry-event-oddfest\/\">The 2025 LUO(V)UUS Award was given to the new creative industry event, ODDfest<\/a><\/div>    \n        \n    \n        <div class=\"ue_post_blocks_link\"><a href=\"https:\/\/musicmedia.fi\/en\/the-2025-luovuus-award-was-given-to-the-new-creative-industry-event-oddfest\/\" class=\"\">Read article<div class=\"mm-luenuoli\">\u2191<\/div><\/a><\/div>  <\/div>\n<\/div>\n<div class=\"ue_post_blocks_box\">\n    <div class=\"ue_post_blocks_image\">\n    <a href=\"https:\/\/musicmedia.fi\/en\/lars-karlsson-receives-tampere-music-award-2025\/\" style=\"display:block;\"><img loading=\"lazy\" decoding=\"async\" src=\"https:\/\/musicmedia.fi\/wp-content\/uploads\/2025\/10\/MxM25_2509_MiikkaVarila_LarsKarlsson-3-e1759757898458-768x606.jpg\"  alt=\"MxM25_2509_MiikkaVarila_LarsKarlsson-3\" width=\"768\" height=\"606\"><\/a>\n  <\/div>\n    <div class=\"ue_post_blocks_content\">\n      \n     \n               <div class=\"ue-grid-item-meta-data\">\n            <div class=\"ue-grid-item-meta-data-date\"><span class=\"ue-grid-item-meta-data-icon\"><i class=''><\/i><\/span> 07.10.2025<\/div>                    \t  \n    \t<\/div>\n         \n    <div class=\"ue_post_blocks_title\"><a href=\"https:\/\/musicmedia.fi\/en\/lars-karlsson-receives-tampere-music-award-2025\/\">Lars Karlsson receives Tampere Music Award 2025<\/a><\/div>    \n        \n    \n        <div class=\"ue_post_blocks_link\"><a href=\"https:\/\/musicmedia.fi\/en\/lars-karlsson-receives-tampere-music-award-2025\/\" class=\"\">Read article<div class=\"mm-luenuoli\">\u2191<\/div><\/a><\/div>  <\/div>\n<\/div>\n<div class=\"ue_post_blocks_box\">\n    <div class=\"ue_post_blocks_image\">\n    <a href=\"https:\/\/musicmedia.fi\/en\/goodbye-to-manual-accounting-coregos-digital-tool-took-event-tracking-to-a-whole-new-level\/\" style=\"display:block;\"><img loading=\"lazy\" decoding=\"async\" src=\"https:\/\/musicmedia.fi\/wp-content\/uploads\/2025\/10\/unnamed-e1759740864719-768x718.png\"  alt=\"unnamed\" width=\"768\" height=\"718\"><\/a>\n  <\/div>\n    <div class=\"ue_post_blocks_content\">\n      \n     \n               <div class=\"ue-grid-item-meta-data\">\n            <div class=\"ue-grid-item-meta-data-date\"><span class=\"ue-grid-item-meta-data-icon\"><i class=''><\/i><\/span> 06.10.2025<\/div>                    \t  \n    \t<\/div>\n         \n    <div class=\"ue_post_blocks_title\"><a href=\"https:\/\/musicmedia.fi\/en\/goodbye-to-manual-accounting-coregos-digital-tool-took-event-tracking-to-a-whole-new-level\/\">Goodbye to manual accounting \u2013 CoreGo's digital tool took event tracking to a whole new level<\/a><\/div>    \n        \n    \n        <div class=\"ue_post_blocks_link\"><a href=\"https:\/\/musicmedia.fi\/en\/goodbye-to-manual-accounting-coregos-digital-tool-took-event-tracking-to-a-whole-new-level\/\" class=\"\">Read article<div class=\"mm-luenuoli\">\u2191<\/div><\/a><\/div>  <\/div>\n<\/div>\n<div class=\"ue_post_blocks_box\">\n    <div class=\"ue_post_blocks_image\">\n    <a href=\"https:\/\/musicmedia.fi\/en\/here-are-the-winners-of-the-industry-awards-gala\/\" style=\"display:block;\"><img loading=\"lazy\" decoding=\"async\" src=\"https:\/\/musicmedia.fi\/wp-content\/uploads\/2025\/09\/Gaalalippu_pikkukuva-540-x-3601-1.png\"  alt=\"Gaalalippu_pikkukuva 540 x 360(1)\" width=\"540\" height=\"360\"><\/a>\n  <\/div>\n    <div class=\"ue_post_blocks_content\">\n      \n     \n               <div class=\"ue-grid-item-meta-data\">\n            <div class=\"ue-grid-item-meta-data-date\"><span class=\"ue-grid-item-meta-data-icon\"><i class=''><\/i><\/span> 26.09.2025<\/div>                    \t  \n    \t<\/div>\n         \n    <div class=\"ue_post_blocks_title\"><a href=\"https:\/\/musicmedia.fi\/en\/here-are-the-winners-of-the-industry-awards-gala\/\">Here are the winners of the Industry Awards gala!<\/a><\/div>    \n        \n    \n        <div class=\"ue_post_blocks_link\"><a href=\"https:\/\/musicmedia.fi\/en\/here-are-the-winners-of-the-industry-awards-gala\/\" class=\"\">Read article<div class=\"mm-luenuoli\">\u2191<\/div><\/a><\/div>  <\/div>\n<\/div>\n<div class=\"ue_post_blocks_box\">\n    <div class=\"ue_post_blocks_image\">\n    <a href=\"https:\/\/musicmedia.fi\/en\/lotta-savolainen-appointed-as-new-ceo-of-music-x-media\/\" style=\"display:block;\"><img loading=\"lazy\" decoding=\"async\" src=\"https:\/\/musicmedia.fi\/wp-content\/uploads\/2025\/09\/4-768x961.jpeg\"  alt=\"4\" width=\"768\" height=\"961\"><\/a>\n  <\/div>\n    <div class=\"ue_post_blocks_content\">\n      \n     \n               <div class=\"ue-grid-item-meta-data\">\n            <div class=\"ue-grid-item-meta-data-date\"><span class=\"ue-grid-item-meta-data-icon\"><i class=''><\/i><\/span> 26.09.2025<\/div>                    \t  \n    \t<\/div>\n         \n    <div class=\"ue_post_blocks_title\"><a href=\"https:\/\/musicmedia.fi\/en\/lotta-savolainen-appointed-as-new-ceo-of-music-x-media\/\">Lotta Savolainen appointed as new CEO of Music x Media<\/a><\/div>    \n        \n    \n        <div class=\"ue_post_blocks_link\"><a href=\"https:\/\/musicmedia.fi\/en\/lotta-savolainen-appointed-as-new-ceo-of-music-x-media\/\" class=\"\">Read article<div class=\"mm-luenuoli\">\u2191<\/div><\/a><\/div>  <\/div>\n<\/div>\n<div class=\"ue_post_blocks_box\">\n    <div class=\"ue_post_blocks_image\">\n    <a href=\"https:\/\/musicmedia.fi\/en\/walk-of-fame-in-tampere-shines-with-new-stars\/\" style=\"display:block;\"><img loading=\"lazy\" decoding=\"async\" src=\"https:\/\/musicmedia.fi\/wp-content\/uploads\/2025\/09\/Tahtikadun_tahdet_2025_0012_LauraHappo-768x512.jpg\"  alt=\"Tahtikadun_tahdet_2025_0012_LauraHappo\" width=\"768\" height=\"512\"><\/a>\n  <\/div>\n    <div class=\"ue_post_blocks_content\">\n      \n     \n               <div class=\"ue-grid-item-meta-data\">\n            <div class=\"ue-grid-item-meta-data-date\"><span class=\"ue-grid-item-meta-data-icon\"><i class=''><\/i><\/span> 19.09.2025<\/div>                    \t  \n    \t<\/div>\n         \n    <div class=\"ue_post_blocks_title\"><a href=\"https:\/\/musicmedia.fi\/en\/walk-of-fame-in-tampere-shines-with-new-stars\/\">Walk of Fame in Tampere shines with new stars!<\/a><\/div>    \n        \n    \n        <div class=\"ue_post_blocks_link\"><a href=\"https:\/\/musicmedia.fi\/en\/walk-of-fame-in-tampere-shines-with-new-stars\/\" class=\"\">Read article<div class=\"mm-luenuoli\">\u2191<\/div><\/a><\/div>  <\/div>\n<\/div>\n<div class=\"ue_post_blocks_box\">\n    <div class=\"ue_post_blocks_image\">\n    <a href=\"https:\/\/musicmedia.fi\/en\/the-music-x-media-event-is-approaching-start-networking-now\/\" style=\"display:block;\"><img loading=\"lazy\" decoding=\"async\" src=\"https:\/\/musicmedia.fi\/wp-content\/uploads\/2025\/08\/54522805186_a87b3f9195_o-768x512.jpg\"  alt=\"54522805186_a87b3f9195_o\" width=\"768\" height=\"512\"><\/a>\n  <\/div>\n    <div class=\"ue_post_blocks_content\">\n      \n     \n               <div class=\"ue-grid-item-meta-data\">\n            <div class=\"ue-grid-item-meta-data-date\"><span class=\"ue-grid-item-meta-data-icon\"><i class=''><\/i><\/span> 02.09.2025<\/div>                    \t  \n    \t<\/div>\n         \n    <div class=\"ue_post_blocks_title\"><a href=\"https:\/\/musicmedia.fi\/en\/the-music-x-media-event-is-approaching-start-networking-now\/\">The Music x Media event is approaching \u2013 start networking now!<\/a><\/div>    \n        \n    \n        <div class=\"ue_post_blocks_link\"><a href=\"https:\/\/musicmedia.fi\/en\/the-music-x-media-event-is-approaching-start-networking-now\/\" class=\"\">Read article<div class=\"mm-luenuoli\">\u2191<\/div><\/a><\/div>  <\/div>\n<\/div>\n<div class=\"ue_post_blocks_box\">\n    <div class=\"ue_post_blocks_image\">\n    <a href=\"https:\/\/musicmedia.fi\/en\/the-nominees-for-the-2025-industry-awards-gala-have-now-been-announced\/\" style=\"display:block;\"><img loading=\"lazy\" decoding=\"async\" src=\"https:\/\/musicmedia.fi\/wp-content\/uploads\/2025\/08\/Miika-Varila-IA-768x512.jpg\"  alt=\"Miika Varila - IA\" width=\"768\" height=\"512\"><\/a>\n  <\/div>\n    <div class=\"ue_post_blocks_content\">\n      \n     \n               <div class=\"ue-grid-item-meta-data\">\n            <div class=\"ue-grid-item-meta-data-date\"><span class=\"ue-grid-item-meta-data-icon\"><i class=''><\/i><\/span> 27.08.2025<\/div>                    \t  \n    \t<\/div>\n         \n    <div class=\"ue_post_blocks_title\"><a href=\"https:\/\/musicmedia.fi\/en\/the-nominees-for-the-2025-industry-awards-gala-have-now-been-announced\/\">The nominees for the 2025 Industry Awards gala have now been announced!<\/a><\/div>    \n        \n    \n        <div class=\"ue_post_blocks_link\"><a href=\"https:\/\/musicmedia.fi\/en\/the-nominees-for-the-2025-industry-awards-gala-have-now-been-announced\/\" class=\"\">Read article<div class=\"mm-luenuoli\">\u2191<\/div><\/a><\/div>  <\/div>\n<\/div>\n<div class=\"ue_post_blocks_box\">\n    <div class=\"ue_post_blocks_image\">\n    <a href=\"https:\/\/musicmedia.fi\/en\/music-x-medias-volunteer-application-is-now-open\/\" style=\"display:block;\"><img loading=\"lazy\" decoding=\"async\" src=\"https:\/\/musicmedia.fi\/wp-content\/uploads\/2025\/06\/54042148345_23601d233e_o-768x512.jpg\"  alt=\"54042148345_23601d233e_o\" width=\"768\" height=\"512\"><\/a>\n  <\/div>\n    <div class=\"ue_post_blocks_content\">\n      \n     \n               <div class=\"ue-grid-item-meta-data\">\n            <div class=\"ue-grid-item-meta-data-date\"><span class=\"ue-grid-item-meta-data-icon\"><i class=''><\/i><\/span> 16.06.2025<\/div>                    \t  \n    \t<\/div>\n         \n    <div class=\"ue_post_blocks_title\"><a href=\"https:\/\/musicmedia.fi\/en\/music-x-medias-volunteer-application-is-now-open\/\">Music x Media's volunteer application is now open!<\/a><\/div>    \n        \n    \n        <div class=\"ue_post_blocks_link\"><a href=\"https:\/\/musicmedia.fi\/en\/music-x-medias-volunteer-application-is-now-open\/\" class=\"\">Read article<div class=\"mm-luenuoli\">\u2191<\/div><\/a><\/div>  <\/div>\n<\/div>\n<div class=\"ue_post_blocks_box\">\n    <div class=\"ue_post_blocks_image\">\n    <a href=\"https:\/\/musicmedia.fi\/en\/industry-awards-nomination-forms-are-now-open-who-or-what-has-impressed-you\/\" style=\"display:block;\"><img loading=\"lazy\" decoding=\"async\" src=\"https:\/\/musicmedia.fi\/wp-content\/uploads\/2025\/05\/54043141082_dc37585d3a_o-768x512.jpg\"  alt=\"54043141082_dc37585d3a_o\" width=\"768\" height=\"512\"><\/a>\n  <\/div>\n    <div class=\"ue_post_blocks_content\">\n      \n     \n               <div class=\"ue-grid-item-meta-data\">\n            <div class=\"ue-grid-item-meta-data-date\"><span class=\"ue-grid-item-meta-data-icon\"><i class=''><\/i><\/span> 23.05.2025<\/div>                    \t  \n    \t<\/div>\n         \n    <div class=\"ue_post_blocks_title\"><a href=\"https:\/\/musicmedia.fi\/en\/industry-awards-nomination-forms-are-now-open-who-or-what-has-impressed-you\/\">Industry Awards nomination forms are now open! Who or what has impressed you?<\/a><\/div>    \n        \n    \n        <div class=\"ue_post_blocks_link\"><a href=\"https:\/\/musicmedia.fi\/en\/industry-awards-nomination-forms-are-now-open-who-or-what-has-impressed-you\/\" class=\"\">Read article<div class=\"mm-luenuoli\">\u2191<\/div><\/a><\/div>  <\/div>\n<\/div>\n<div class=\"ue_post_blocks_box\">\n    <div class=\"ue_post_blocks_image\">\n    <a href=\"https:\/\/musicmedia.fi\/en\/who-dares-to-say-it-out-loud-music-x-medias-new-programs-opens-up-space-for-honest-debate\/\" style=\"display:block;\"><img loading=\"lazy\" decoding=\"async\" src=\"https:\/\/musicmedia.fi\/wp-content\/uploads\/2025\/04\/Music-x-Media-25.4.-uutiskirje-768x512.png\"  alt=\"Music x Media 25.4\" width=\"768\" height=\"512\"><\/a>\n  <\/div>\n    <div class=\"ue_post_blocks_content\">\n      \n     \n               <div class=\"ue-grid-item-meta-data\">\n            <div class=\"ue-grid-item-meta-data-date\"><span class=\"ue-grid-item-meta-data-icon\"><i class=''><\/i><\/span> 25.04.2025<\/div>                    \t  \n    \t<\/div>\n         \n    <div class=\"ue_post_blocks_title\"><a href=\"https:\/\/musicmedia.fi\/en\/who-dares-to-say-it-out-loud-music-x-medias-new-programs-opens-up-space-for-honest-debate\/\">Who dares to say it out loud? \u2013 Music x Media's new programs opens up space for honest debate<\/a><\/div>    \n        \n    \n        <div class=\"ue_post_blocks_link\"><a href=\"https:\/\/musicmedia.fi\/en\/who-dares-to-say-it-out-loud-music-x-medias-new-programs-opens-up-space-for-honest-debate\/\" class=\"\">Read article<div class=\"mm-luenuoli\">\u2191<\/div><\/a><\/div>  <\/div>\n<\/div>\n<div class=\"ue_post_blocks_box\">\n    <div class=\"ue_post_blocks_image\">\n    <a href=\"https:\/\/musicmedia.fi\/en\/voting-for-the-walk-of-fame-has-started-nominate-your-favourites\/\" style=\"display:block;\"><img loading=\"lazy\" decoding=\"async\" src=\"https:\/\/musicmedia.fi\/wp-content\/uploads\/2025\/04\/IMG_4732-768x512.jpg\"  alt=\"IMG_4732\" width=\"768\" height=\"512\"><\/a>\n  <\/div>\n    <div class=\"ue_post_blocks_content\">\n      \n     \n               <div class=\"ue-grid-item-meta-data\">\n            <div class=\"ue-grid-item-meta-data-date\"><span class=\"ue-grid-item-meta-data-icon\"><i class=''><\/i><\/span> 24.04.2025<\/div>                    \t  \n    \t<\/div>\n         \n    <div class=\"ue_post_blocks_title\"><a href=\"https:\/\/musicmedia.fi\/en\/voting-for-the-walk-of-fame-has-started-nominate-your-favourites\/\">Voting for the Walk of Fame has started \u2013 Nominate your favourites<\/a><\/div>    \n        \n    \n        <div class=\"ue_post_blocks_link\"><a href=\"https:\/\/musicmedia.fi\/en\/voting-for-the-walk-of-fame-has-started-nominate-your-favourites\/\" class=\"\">Read article<div class=\"mm-luenuoli\">\u2191<\/div><\/a><\/div>  <\/div>\n<\/div>\n<div class=\"ue_post_blocks_box\">\n    <div class=\"ue_post_blocks_image\">\n    <a href=\"https:\/\/musicmedia.fi\/en\/music-x-media-lost-in-music-are-looking-for-interns-for-the-autumn-2025-event\/\" style=\"display:block;\"><img loading=\"lazy\" decoding=\"async\" src=\"https:\/\/musicmedia.fi\/wp-content\/uploads\/2025\/03\/MxM_0310_CeciliaArontaus_TikettiNauha_2-768x512.jpg\"  alt=\"MxM_0310_CeciliaArontaus_TikettiNauha_2\" width=\"768\" height=\"512\"><\/a>\n  <\/div>\n    <div class=\"ue_post_blocks_content\">\n      \n     \n               <div class=\"ue-grid-item-meta-data\">\n            <div class=\"ue-grid-item-meta-data-date\"><span class=\"ue-grid-item-meta-data-icon\"><i class=''><\/i><\/span> 31.03.2025<\/div>                    \t  \n    \t<\/div>\n         \n    <div class=\"ue_post_blocks_title\"><a href=\"https:\/\/musicmedia.fi\/en\/music-x-media-lost-in-music-are-looking-for-interns-for-the-autumn-2025-event\/\">Music x Media & Lost In Music are looking for interns for the autumn 2025 event!<\/a><\/div>    \n        \n    \n        <div class=\"ue_post_blocks_link\"><a href=\"https:\/\/musicmedia.fi\/en\/music-x-media-lost-in-music-are-looking-for-interns-for-the-autumn-2025-event\/\" class=\"\">Read article<div class=\"mm-luenuoli\">\u2191<\/div><\/a><\/div>  <\/div>\n<\/div>\n<div class=\"ue_post_blocks_box\">\n    <div class=\"ue_post_blocks_image\">\n    <a href=\"https:\/\/musicmedia.fi\/en\/music-x-media-2025-brings-together-music-events-and-experiences-in-september-first-program-highlights-are-now-released\/\" style=\"display:block;\"><img loading=\"lazy\" decoding=\"async\" src=\"https:\/\/musicmedia.fi\/wp-content\/uploads\/2025\/03\/Music-x-Media-27.3.-uutiskirje-768x512.png\"  alt=\"Music x Media 27.3\" width=\"768\" height=\"512\"><\/a>\n  <\/div>\n    <div class=\"ue_post_blocks_content\">\n      \n     \n               <div class=\"ue-grid-item-meta-data\">\n            <div class=\"ue-grid-item-meta-data-date\"><span class=\"ue-grid-item-meta-data-icon\"><i class=''><\/i><\/span> 27.03.2025<\/div>                    \t  \n    \t<\/div>\n         \n    <div class=\"ue_post_blocks_title\"><a href=\"https:\/\/musicmedia.fi\/en\/music-x-media-2025-brings-together-music-events-and-experiences-in-september-first-program-highlights-are-now-released\/\">Music x Media 2025 brings together music, events, and experiences in September \u2013 First program highlights are now released!<\/a><\/div>    \n        \n    \n        <div class=\"ue_post_blocks_link\"><a href=\"https:\/\/musicmedia.fi\/en\/music-x-media-2025-brings-together-music-events-and-experiences-in-september-first-program-highlights-are-now-released\/\" class=\"\">Read article<div class=\"mm-luenuoli\">\u2191<\/div><\/a><\/div>  <\/div>\n<\/div>\n<div class=\"ue_post_blocks_box\">\n    <div class=\"ue_post_blocks_image\">\n    <a href=\"https:\/\/musicmedia.fi\/en\/lost-in-music-goldielocks-bizi-and-zangoma-will-perform-at-the-2025-lost-in-music-festival-2\/\" style=\"display:block;\"><img loading=\"lazy\" decoding=\"async\" src=\"https:\/\/musicmedia.fi\/wp-content\/uploads\/2025\/03\/LIM-U-Tiketti-koko-2897-x-2239-px-768x594.png\"  alt=\"LIM U (Tiketti) koko (2897 x 2239 px)\" width=\"768\" height=\"594\"><\/a>\n  <\/div>\n    <div class=\"ue_post_blocks_content\">\n      \n     \n               <div class=\"ue-grid-item-meta-data\">\n            <div class=\"ue-grid-item-meta-data-date\"><span class=\"ue-grid-item-meta-data-icon\"><i class=''><\/i><\/span> 25.03.2025<\/div>                    \t  \n    \t<\/div>\n         \n    <div class=\"ue_post_blocks_title\"><a href=\"https:\/\/musicmedia.fi\/en\/lost-in-music-goldielocks-bizi-and-zangoma-will-perform-at-the-2025-lost-in-music-festival-2\/\">Lost In Music: Goldielocks, Bizi, and Zangoma will perform at the 2025 Lost in Music festival.<\/a><\/div>    \n        \n    \n        <div class=\"ue_post_blocks_link\"><a href=\"https:\/\/musicmedia.fi\/en\/lost-in-music-goldielocks-bizi-and-zangoma-will-perform-at-the-2025-lost-in-music-festival-2\/\" class=\"\">Read article<div class=\"mm-luenuoli\">\u2191<\/div><\/a><\/div>  <\/div>\n<\/div>\n\n<\/div>\n<!-- end Post Blocks -->\t\t\t\t<\/div>\n\t\t\t\t<\/div>\n\t\t\t\t\t<\/div>\n\t\t\t\t<\/div>\n\t\t\t\t<\/div>","protected":false},"excerpt":{"rendered":"<p>Uutiset 23.09.2025 J\u00e4lkeenj\u00e4\u00e4neet arkistot \u2013 Pertti Kurikan Nimip\u00e4ivien tarina Lue artikkeli\u2191 19.09.2025 Walk of Fame in Tampere shines with new stars! Lue artikkeli\u2191 19.09.2025 Tampereen T\u00e4htikatu kirkastui uusilla t\u00e4hdill\u00e4! Lue artikkeli\u2191 02.09.2025 Music x Media -tapahtuma l\u00e4hestyy \u2013 aloita verkostoituminen jo nyt! Lue artikkeli\u2191 02.09.2025 The Music x Media event is approaching \u2013 start networking [&hellip;]<\/p>","protected":false},"author":15,"featured_media":0,"parent":0,"menu_order":0,"comment_status":"closed","ping_status":"closed","template":"elementor_header_footer","meta":{"_acf_changed":false,"inline_featured_image":false,"footnotes":""},"class_list":["post-3626","page","type-page","status-publish","hentry"],"acf":[],"yoast_head":"<!-- This site is optimized with the Yoast SEO plugin v25.7 - https:\/\/yoast.com\/wordpress\/plugins\/seo\/ -->\n<title>Uutiset - Music x Media<\/title>\n<meta name=\"description\" content=\"Music x Median ajankohtaisimmat uutiset l\u00f6yd\u00e4t t\u00e4\u00e4lt\u00e4. Music x Media j\u00e4rjestet\u00e4\u00e4n j\u00e4lleen 1.-2.10.2026 Tampereella.\" \/>\n<meta name=\"robots\" content=\"index, follow, max-snippet:-1, max-image-preview:large, max-video-preview:-1\" \/>\n<link rel=\"canonical\" href=\"https:\/\/musicmedia.fi\/en\/uutiset\/\" \/>\n<meta property=\"og:locale\" content=\"en_GB\" \/>\n<meta property=\"og:type\" content=\"article\" \/>\n<meta property=\"og:title\" content=\"Uutiset - Music x Media\" \/>\n<meta property=\"og:description\" content=\"Music x Median ajankohtaisimmat uutiset l\u00f6yd\u00e4t t\u00e4\u00e4lt\u00e4. Music x Media j\u00e4rjestet\u00e4\u00e4n j\u00e4lleen 1.-2.10.2026 Tampereella.\" \/>\n<meta property=\"og:url\" content=\"https:\/\/musicmedia.fi\/en\/uutiset\/\" \/>\n<meta property=\"og:site_name\" content=\"Music x Media\" \/>\n<meta property=\"article:modified_time\" content=\"2026-02-18T08:25:02+00:00\" \/>\n<meta property=\"og:image\" content=\"https:\/\/musicmedia.fi\/wp-content\/uploads\/2025\/09\/thumbnail_Jalkeen-jaaneet-arkistot_kuva2-768x512.jpg\" \/>\n<meta name=\"twitter:card\" content=\"summary_large_image\" \/>\n<meta name=\"twitter:label1\" content=\"Estimated reading time\" \/>\n\t<meta name=\"twitter:data1\" content=\"7 minutes\" \/>\n<script type=\"application\/ld+json\" class=\"yoast-schema-graph\">{\"@context\":\"https:\/\/schema.org\",\"@graph\":[{\"@type\":\"WebPage\",\"@id\":\"https:\/\/musicmedia.fi\/uutiset\/\",\"url\":\"https:\/\/musicmedia.fi\/uutiset\/\",\"name\":\"Uutiset - Music x Media\",\"isPartOf\":{\"@id\":\"https:\/\/musicmedia.fi\/#website\"},\"primaryImageOfPage\":{\"@id\":\"https:\/\/musicmedia.fi\/uutiset\/#primaryimage\"},\"image\":{\"@id\":\"https:\/\/musicmedia.fi\/uutiset\/#primaryimage\"},\"thumbnailUrl\":\"https:\/\/musicmedia.fi\/wp-content\/uploads\/2025\/09\/thumbnail_Jalkeen-jaaneet-arkistot_kuva2-768x512.jpg\",\"datePublished\":\"2023-05-04T20:47:01+00:00\",\"dateModified\":\"2026-02-18T08:25:02+00:00\",\"description\":\"Music x Median ajankohtaisimmat uutiset l\u00f6yd\u00e4t t\u00e4\u00e4lt\u00e4. Music x Media j\u00e4rjestet\u00e4\u00e4n j\u00e4lleen 1.-2.10.2026 Tampereella.\",\"breadcrumb\":{\"@id\":\"https:\/\/musicmedia.fi\/uutiset\/#breadcrumb\"},\"inLanguage\":\"en-GB\",\"potentialAction\":[{\"@type\":\"ReadAction\",\"target\":[\"https:\/\/musicmedia.fi\/uutiset\/\"]}]},{\"@type\":\"ImageObject\",\"inLanguage\":\"en-GB\",\"@id\":\"https:\/\/musicmedia.fi\/uutiset\/#primaryimage\",\"url\":\"https:\/\/musicmedia.fi\/wp-content\/uploads\/2025\/09\/thumbnail_Jalkeen-jaaneet-arkistot_kuva2-768x512.jpg\",\"contentUrl\":\"https:\/\/musicmedia.fi\/wp-content\/uploads\/2025\/09\/thumbnail_Jalkeen-jaaneet-arkistot_kuva2-768x512.jpg\"},{\"@type\":\"BreadcrumbList\",\"@id\":\"https:\/\/musicmedia.fi\/uutiset\/#breadcrumb\",\"itemListElement\":[{\"@type\":\"ListItem\",\"position\":1,\"name\":\"Home\",\"item\":\"https:\/\/musicmedia.fi\/\"},{\"@type\":\"ListItem\",\"position\":2,\"name\":\"Uutiset\"}]},{\"@type\":\"WebSite\",\"@id\":\"https:\/\/musicmedia.fi\/#website\",\"url\":\"https:\/\/musicmedia.fi\/\",\"name\":\"Music x Media\",\"description\":\"Musiikki-, viihde- ja tapahtuma-alojen kohtaamispaikka\",\"publisher\":{\"@id\":\"https:\/\/musicmedia.fi\/#organization\"},\"potentialAction\":[{\"@type\":\"SearchAction\",\"target\":{\"@type\":\"EntryPoint\",\"urlTemplate\":\"https:\/\/musicmedia.fi\/?s={search_term_string}\"},\"query-input\":{\"@type\":\"PropertyValueSpecification\",\"valueRequired\":true,\"valueName\":\"search_term_string\"}}],\"inLanguage\":\"en-GB\"},{\"@type\":\"Organization\",\"@id\":\"https:\/\/musicmedia.fi\/#organization\",\"name\":\"Music x Media\",\"url\":\"https:\/\/musicmedia.fi\/\",\"logo\":{\"@type\":\"ImageObject\",\"inLanguage\":\"en-GB\",\"@id\":\"https:\/\/musicmedia.fi\/#\/schema\/logo\/image\/\",\"url\":\"https:\/\/musicmedia.fi\/wp-content\/uploads\/2022\/05\/logo.png\",\"contentUrl\":\"https:\/\/musicmedia.fi\/wp-content\/uploads\/2022\/05\/logo.png\",\"width\":276,\"height\":147,\"caption\":\"Music x Media\"},\"image\":{\"@id\":\"https:\/\/musicmedia.fi\/#\/schema\/logo\/image\/\"}}]}<\/script>\n<!-- \/ Yoast SEO plugin. -->","yoast_head_json":{"title":"Uutiset - Music x Media","description":"Music x Median ajankohtaisimmat uutiset l\u00f6yd\u00e4t t\u00e4\u00e4lt\u00e4. Music x Media j\u00e4rjestet\u00e4\u00e4n j\u00e4lleen 1.-2.10.2026 Tampereella.","robots":{"index":"index","follow":"follow","max-snippet":"max-snippet:-1","max-image-preview":"max-image-preview:large","max-video-preview":"max-video-preview:-1"},"canonical":"https:\/\/musicmedia.fi\/en\/uutiset\/","og_locale":"en_GB","og_type":"article","og_title":"Uutiset - Music x Media","og_description":"Music x Median ajankohtaisimmat uutiset l\u00f6yd\u00e4t t\u00e4\u00e4lt\u00e4. Music x Media j\u00e4rjestet\u00e4\u00e4n j\u00e4lleen 1.-2.10.2026 Tampereella.","og_url":"https:\/\/musicmedia.fi\/en\/uutiset\/","og_site_name":"Music x Media","article_modified_time":"2026-02-18T08:25:02+00:00","og_image":[{"url":"https:\/\/musicmedia.fi\/wp-content\/uploads\/2025\/09\/thumbnail_Jalkeen-jaaneet-arkistot_kuva2-768x512.jpg","type":"","width":"","height":""}],"twitter_card":"summary_large_image","twitter_misc":{"Estimated reading time":"7 minutes"},"schema":{"@context":"https:\/\/schema.org","@graph":[{"@type":"WebPage","@id":"https:\/\/musicmedia.fi\/uutiset\/","url":"https:\/\/musicmedia.fi\/uutiset\/","name":"Uutiset - Music x Media","isPartOf":{"@id":"https:\/\/musicmedia.fi\/#website"},"primaryImageOfPage":{"@id":"https:\/\/musicmedia.fi\/uutiset\/#primaryimage"},"image":{"@id":"https:\/\/musicmedia.fi\/uutiset\/#primaryimage"},"thumbnailUrl":"https:\/\/musicmedia.fi\/wp-content\/uploads\/2025\/09\/thumbnail_Jalkeen-jaaneet-arkistot_kuva2-768x512.jpg","datePublished":"2023-05-04T20:47:01+00:00","dateModified":"2026-02-18T08:25:02+00:00","description":"Music x Median ajankohtaisimmat uutiset l\u00f6yd\u00e4t t\u00e4\u00e4lt\u00e4. Music x Media j\u00e4rjestet\u00e4\u00e4n j\u00e4lleen 1.-2.10.2026 Tampereella.","breadcrumb":{"@id":"https:\/\/musicmedia.fi\/uutiset\/#breadcrumb"},"inLanguage":"en-GB","potentialAction":[{"@type":"ReadAction","target":["https:\/\/musicmedia.fi\/uutiset\/"]}]},{"@type":"ImageObject","inLanguage":"en-GB","@id":"https:\/\/musicmedia.fi\/uutiset\/#primaryimage","url":"https:\/\/musicmedia.fi\/wp-content\/uploads\/2025\/09\/thumbnail_Jalkeen-jaaneet-arkistot_kuva2-768x512.jpg","contentUrl":"https:\/\/musicmedia.fi\/wp-content\/uploads\/2025\/09\/thumbnail_Jalkeen-jaaneet-arkistot_kuva2-768x512.jpg"},{"@type":"BreadcrumbList","@id":"https:\/\/musicmedia.fi\/uutiset\/#breadcrumb","itemListElement":[{"@type":"ListItem","position":1,"name":"Home","item":"https:\/\/musicmedia.fi\/"},{"@type":"ListItem","position":2,"name":"Uutiset"}]},{"@type":"WebSite","@id":"https:\/\/musicmedia.fi\/#website","url":"https:\/\/musicmedia.fi\/","name":"Music x Media","description":"Bridging the worlds of Music, Entertainment, and Event Industries","publisher":{"@id":"https:\/\/musicmedia.fi\/#organization"},"potentialAction":[{"@type":"SearchAction","target":{"@type":"EntryPoint","urlTemplate":"https:\/\/musicmedia.fi\/?s={search_term_string}"},"query-input":{"@type":"PropertyValueSpecification","valueRequired":true,"valueName":"search_term_string"}}],"inLanguage":"en-GB"},{"@type":"Organization","@id":"https:\/\/musicmedia.fi\/#organization","name":"Music x Media","url":"https:\/\/musicmedia.fi\/","logo":{"@type":"ImageObject","inLanguage":"en-GB","@id":"https:\/\/musicmedia.fi\/#\/schema\/logo\/image\/","url":"https:\/\/musicmedia.fi\/wp-content\/uploads\/2022\/05\/logo.png","contentUrl":"https:\/\/musicmedia.fi\/wp-content\/uploads\/2022\/05\/logo.png","width":276,"height":147,"caption":"Music x Media"},"image":{"@id":"https:\/\/musicmedia.fi\/#\/schema\/logo\/image\/"}}]}},"_links":{"self":[{"href":"https:\/\/musicmedia.fi\/en\/wp-json\/wp\/v2\/pages\/3626","targetHints":{"allow":["GET"]}}],"collection":[{"href":"https:\/\/musicmedia.fi\/en\/wp-json\/wp\/v2\/pages"}],"about":[{"href":"https:\/\/musicmedia.fi\/en\/wp-json\/wp\/v2\/types\/page"}],"author":[{"embeddable":true,"href":"https:\/\/musicmedia.fi\/en\/wp-json\/wp\/v2\/users\/15"}],"replies":[{"embeddable":true,"href":"https:\/\/musicmedia.fi\/en\/wp-json\/wp\/v2\/comments?post=3626"}],"version-history":[{"count":0,"href":"https:\/\/musicmedia.fi\/en\/wp-json\/wp\/v2\/pages\/3626\/revisions"}],"wp:attachment":[{"href":"https:\/\/musicmedia.fi\/en\/wp-json\/wp\/v2\/media?parent=3626"}],"curies":[{"name":"wp","href":"https:\/\/api.w.org\/{rel}","templated":true}]}}